
{"id":47060,"date":"2024-08-28T11:28:22","date_gmt":"2024-08-28T09:28:22","guid":{"rendered":"https:\/\/smartbe.be\/25-ans-daventure-smart-interview-de-julek-jurowicz\/"},"modified":"2024-10-16T16:47:19","modified_gmt":"2024-10-16T14:47:19","slug":"het-verhaal-van-25-jaar-smart-interview-julek-jurowicz","status":"publish","type":"page","link":"https:\/\/smartbe.be\/nl\/het-verhaal-van-25-jaar-smart-interview-julek-jurowicz\/","title":{"rendered":"Julek Jurowicz"},"content":{"rendered":"<p><em><strong>Oprichtervan de onderneming v\u00f3\u00f3r de beheertools van Smart, de bv Ubik vanaf 1992.<br \/>\nMede-oprichter en mede-afgevaardig bestuurder van Smart, eerst als vzw vervolgens als stichting.<br \/>\nHoofd van het globale project &#8211; als deel van een tweetal, van 1998 tot 2014.<br \/>\n<\/strong><\/em><\/p>\n<p>&nbsp;<\/p>\n<p><strong><img decoding=\"async\" src=\"https:\/\/smartbe.be\/wp-content\/uploads\/2021\/01\/fleche-arrow-long.png\" \/><a href=\"https:\/\/smartbe.be\/wp-content\/uploads\/2024\/08\/Smart_Raconte-moi-tout_WEB_Julek-Jurowicz.pdf\">Julek Jurowicz interview pdf<\/a><\/strong><\/p>\n<p><strong><img decoding=\"async\" src=\"https:\/\/smartbe.be\/wp-content\/uploads\/2021\/01\/fleche-arrow-long.png\" \/><\/strong><a href=\"https:\/\/smartbe.be\/nl\/het-verhaal-van-25-jaar-smart\/\"><strong>Lees de 17 interviews<\/strong><\/a><\/p>\n<p>&nbsp;<\/p>\n<p>&nbsp;<\/p>\n<p><em><strong><a href=\"https:\/\/smartbe.be\/wp-content\/uploads\/2024\/08\/JulektestKronik.jpg\"><img loading=\"lazy\" decoding=\"async\" class=\"aligncenter wp-image-46944 size-full\" src=\"https:\/\/smartbe.be\/wp-content\/uploads\/2024\/08\/JulektestKronik.jpg\" alt=\"\" width=\"795\" height=\"635\" srcset=\"https:\/\/smartbe.be\/wp-content\/uploads\/2024\/08\/JulektestKronik.jpg 795w, https:\/\/smartbe.be\/wp-content\/uploads\/2024\/08\/JulektestKronik-300x240.jpg 300w, https:\/\/smartbe.be\/wp-content\/uploads\/2024\/08\/JulektestKronik-768x613.jpg 768w, https:\/\/smartbe.be\/wp-content\/uploads\/2024\/08\/JulektestKronik-376x300.jpg 376w, https:\/\/smartbe.be\/wp-content\/uploads\/2024\/08\/JulektestKronik-290x232.jpg 290w\" sizes=\"auto, (max-width: 795px) 100vw, 795px\" \/><\/a><\/strong><\/em><\/p>\n<p>&nbsp;<\/p>\n<p><strong>We zijn hier om 25 jaar Smart te vieren.<\/strong><\/p>\n<p>25 jaar, dat zijn 100 seizoenen! Ik vind het mooi om dat zo uit te drukken.<\/p>\n<p>&nbsp;<\/p>\n<p><strong><img loading=\"lazy\" decoding=\"async\" class=\"\" src=\"https:\/\/smartbe.be\/wp-content\/uploads\/2024\/09\/question.png\" width=\"40\" height=\"40\" \/><br \/>\nOm bij het begin te beginnen, wat is jouw dag 1 van Smart?<\/strong><\/p>\n<p>De eerste dag van Smart was v\u00f3\u00f3r Smart.<br \/>\nPierre Burnotte<sup class='footnote' id='fnref-47060-1'><a href='#fn-47060-1' rel='footnote'>1<\/a><\/sup> kende ik al. In 1996 had hij aan enkele mensen uit de Luikse muzieksector met wie hij dagelijks werkte het idee voorgelegd van een solidaire structuur die arbeidsovereenkomsten zou kunnen aanbieden aan kunstenaars die daar recht op hadden maar die niet konden krijgen van hun werkgevers.<br \/>\nIedereen was enthousiast maar niemand wilde zich engageren.<\/p>\n<p>Ik hield me in die tijd bezig met sociale en fiscale problemen van filmartiesten en technici die aan Frans-Belgische filmproducties werkten. Met hen was ik in aanraking gekomen door de fiscale problemen van mijn toenmalige partner, een Tsjechische filmvisagiste die pas in Belgi\u00eb woonde en vrijwel geen Frans sprak. Ze had vaak Franse arbeidsovereenkomsten. De administratie van haar contracten en het regulariseren van haar sociale en fiscale situatie heeft me veel hoofdpijn bezorgd. Gaandeweg werd ik gevraagd ook de dossiers van haar vele vrienden te beheren. Zo heb ik de complexiteit en valkuilen ontdekt van een sociale regelgeving en een belastingsysteem tussen nationale administraties, dat onsamenhangend en niet-geco\u00f6rdineerd was. Voor de betrokkenen cre\u00eberde dat zeer ongemakkelijke situaties.<br \/>\nPierre had soortgelijke problemen. Hij deed de administratie voor Zap Mama, een groep internationale zangeressen afkomstig uit verschillende landen. De groep was erg succesvol en had optredens op elk continent: dat zorgde voor een zeer interessante sociale en fiscale puzzel.<br \/>\nHet heeft ons heel wat hoofdbrekens gekost om erachter te komen hoe we dat soort complexe situaties in het beste belang van de kunstenaars konden beheren. Pierre kwam op het idee om kunstenaars en producenten te verenigen in een gezamenlijke structuur waarin we al onze idee\u00ebn en oplossingen samenbrachten.<br \/>\nDe eerste structuur die we gebruikten was een bestaande vzw: Les Passions Unies.<\/p>\n<p>&nbsp;<\/p>\n<p><strong><img loading=\"lazy\" decoding=\"async\" class=\"\" src=\"https:\/\/smartbe.be\/wp-content\/uploads\/2024\/09\/question.png\" width=\"40\" height=\"40\" \/><br \/>\nLes Passions Unies werd dus opgericht v\u00f3\u00f3r 1998?<\/strong><\/p>\n<p>Les Passions Unies was een vzw die al voor Smart bestond en door Pierre werd beheerd. Omdat we veel te doen hadden, hebben we die gebruikt.<br \/>\nMaar we beseften vrij snel dat het niet gezond was om de zeer uiteenlopende dossiers die Pierre beheerde op \u00e9\u00e9n hoop te gooien met de dossiers van ons nieuwe gezamenlijke project. En om die reden richtten we een nieuwe non-profitorganisatie Smart op. De eerste IT-toepassingen werden binnen deze nieuwe vzw gerealiseerd.<br \/>\nAl sinds het begin stroomden de aanvragen binnen. Het nieuws deed al vlug de ronde dat kunstenaars een arbeidsovereenkomst konden krijgen, zonder dat er ook maar sprake was van toegang tot werkloosheidsuitkeringen of iets dergelijks. Dat kwam pas later. Maar de mensen konden gewoon niet wachten.<br \/>\nIn die tijd deden we nog alles met de hand, zonder computerondersteuning&#8230; Ondanks heel hard werken konden we het tempo van de aanvragen niet bijhouden, en al in 1999 beseften we dat we onze procedures dringend moesten automatiseren.<\/p>\n<p>De eerste stap was het cre\u00ebren van een gebruikersbestand, zonder duplicaten of spelfouten. Dat klinkt eenvoudig maar het was zeer complex om op te zetten. Zodra het gebruikersbestand min of meer correct was, moesten we het contact met de leden eenvoudiger \u00e9n onbetwistbaar maken. Bijvoorbeeld bijhouden wat de vraag precies was. Want een telefoontje: &#8220;H\u00e9, ik moet vanmiddag werken, zou je zo vriendelijk willen zijn om een contract voor me op te stellen&#8221; is prima. Je maakt het contract en vervolgens vergeet je dat je dat gedaan hebt of blijkt dat er een misverstand was. We cre\u00eberden een tweede database met de gegevens van elke aangevraagde en opgestelde arbeidsovereenkomst. En daarna nog een derde met de gegevens van de opdrachtgevers om de essenti\u00eble gegevens voor de facturering te hebben.<br \/>\nHeel snel daarna volgde een vierde database om de facturen aan de opdrachtopgevers en de betaalde bedragen bij te houden.<br \/>\nHet heeft ons drie jaar gekost om de databasestructuur voor onze kernactiviteiten op orde te krijgen.<br \/>\nIn 2001 kwam het magische moment waarop we beseften \u2013 het was meer dan alleen een gevoel \u2013 dat we eindelijk controle hadden over wat er gebeurde en dat we met een gerust hart naar de toekomst konden kijken. Het enige wat we nog moesten doen &#8230; was meer personeel aannemen om alle gegevens te verwerken van het groeiende aantal leden en contracten.<\/p>\n<p>Toen we de eerste arbeidsovereenkomst opstelden in april 1998 waren we met z\u2019n drie\u00ebn: Pierre Burnotte, Amir Dibadj<sup class='footnote' id='fnref-47060-2'><a href='#fn-47060-2' rel='footnote'>2<\/a><\/sup> en ik.<br \/>\nIn 2001 waren we al met tien.<br \/>\nHet pand dat we huurden in Molenbeek was intussen veel te klein geworden. We zijn op zoek gegaan naar een groter pand en dat vonden we uiteindelijk in Sint-Gillis, in het huis op de hoek van de Emile F\u00e9ronstraat en de Coenraetsstraat.<\/p>\n<p><a href=\"https:\/\/smartbe.be\/wp-content\/uploads\/2024\/08\/Screenshot_1.jpg\"><img loading=\"lazy\" decoding=\"async\" class=\"alignleft wp-image-46990 size-full\" src=\"https:\/\/smartbe.be\/wp-content\/uploads\/2024\/08\/Screenshot_1.jpg\" alt=\"logos van Smart, les Passions Unies, UBIK en Artiwarm\" width=\"161\" height=\"573\" srcset=\"https:\/\/smartbe.be\/wp-content\/uploads\/2024\/08\/Screenshot_1.jpg 161w, https:\/\/smartbe.be\/wp-content\/uploads\/2024\/08\/Screenshot_1-84x300.jpg 84w\" sizes=\"auto, (max-width: 161px) 100vw, 161px\" \/><\/a> Je vroeg me iets mee te nemen voor het interview om die begindagen te illustreren. Hier is dus Smarts eerste \u201cuithangbord\u201d (gemaakt door de broer van mijn vrouw) dat we trots op de gevel van de Coenraetsstraat 56 hingen.<\/p>\n<p>&nbsp;<\/p>\n<p><strong><img loading=\"lazy\" decoding=\"async\" class=\"\" src=\"https:\/\/smartbe.be\/wp-content\/uploads\/2024\/09\/question.png\" width=\"40\" height=\"40\" \/><br \/>\nKun je het beschrijven?<\/strong><\/p>\n<p>In de rechthoekige houten doos met een glazen paneel staan de namen van de vier bedrijven die toen op dit adres gevestigd waren: Smart, les Passions Unies, UBIK en Artichaud \/ Artiwarm, elk ge\u00efllustreerd met een afbeelding.<br \/>\nDe afbeeldingen zijn na\u00efef en druisen in tegen alle wetten van &#8216;goed&#8217; logo-ontwerp. Ze zijn niet zomaar aan te passen en ze evolueren niet, en toch vind ik ze nog altijd heel ontroerend: een hand die een andere leidt voor Smart, een groep kleine dansende personages voor Passions Unies, een koperen plaat voor UBIK en een kreeft (van homme-art &gt; homard) voor Artichaud.<\/p>\n<p>&nbsp;<\/p>\n<p><strong><img loading=\"lazy\" decoding=\"async\" class=\"\" src=\"https:\/\/smartbe.be\/wp-content\/uploads\/2024\/09\/question.png\" width=\"40\" height=\"40\" \/><br \/>\nKun je ons vertellen wat UBIK is?<\/strong><\/p>\n<p>UBIK was het bedrijf waar ik de dossiers beheerde van de klanten die ik had v\u00f3\u00f3r Smart werd opgericht. UBIK was in zekere zin de tegenhanger van Pierres Passions Unies. Later hebben we in UBIK de informaticatoepassingen voor de hele groep ontwikkeld. Artichaud \/ Artiwarm werd opgericht om de diensten van Smart te introduceren bij beeldende kunstenaars. Die zijn oneindig veel individualistischer dan podiumkunstenaars. We moesten zelf naar hun ateliers gaan, ons interesseren voor hun creaties en leren over hun behoeften en verwachtingen. Het was een lang proces. Toen werd ook het idee van een kunstcollectie binnen Smart geboren.<\/p>\n<p><strong>Ondanks dat uithangbord dat je niet per se communicatief vindt om uit te leggen wat je aan het doen was, werkte het wel.<\/strong><\/p>\n<p>Dat paneel heeft vijftien jaar aan de gevel gehangen! Op initiatief van de raad van bestuur van Smart zijn we een paar jaar later overgestapt op een modernere, effici\u00ebntere vorm van communicatie, met logo\u2019s die niet langer figuratief waren, maar echte logo&#8217;s die konden worden aangepast en evolueren.<\/p>\n<p><strong>De verhuizing was het begin van een nieuwe periode voor jou want \u201chet enige wat jullie nog moesten doen was meer personeel aannemen\u201d.<\/strong><\/p>\n<p>Ja, dat was een moment van grote opluchting. De eerste jaren was het echt afzien. We werkten enorm hard, maar we verdienden bijna niks.<br \/>\nDankzij de automatisering konden we effici\u00ebnter werken, en dus wat minder afzien en wat meer verdienen. Na de ontwikkeling van de eerste versie van het automatisch beheer van de arbeidsovereenkomsten startten we in 2002 met de ontwikkeling van een online-interface. We wilden dat de gebruikers hun aanvragen konden indienen zonder dat ze naar onze kantoren moesten komen, en online toegang kregen tot de financi\u00eble transacties bij Smart. Na een proef- en verfijningsperiode leidde dat tot een enorme verbetering van de dienstverlening. Die verliep soepeler, er werden minder fouten gemaakt en de gebruikers kregen veel meer vertrouwen. In 2003 werd de eerste, heel eenvoudige website gelanceerd. Toen die online ging, groeide het aantal leden fors en was er een enorme toename van het aantal contracten. Dat viel samen met de ontwikkeling van het beheer van de zogenoemde \u201cActiviteiten\u201d. We zagen namelijk een enorme toestroom van mensen die problemen hadden die verder gingen dan enkel het beheren van een arbeidsovereenkomst. Mensen die aanbestedingen wonnen, of die opdrachten hadden, waarbij een groot deel van het gefactureerde bedrag niet werd omgezet in loon, maar werd gebruikt om project- en productiekosten te dekken. Zo ontstond het begrip &#8220;Activiteit&#8221;. We konden voortaan globale budgetten beheren die moesten worden verdeeld tussen productiekosten en bedragen bestemd voor lonen voor het lid zelf of voor derden.<\/p>\n<p>&nbsp;<\/p>\n<p><strong><img loading=\"lazy\" decoding=\"async\" class=\"\" src=\"https:\/\/smartbe.be\/wp-content\/uploads\/2024\/09\/question.png\" width=\"40\" height=\"40\" \/><br \/>\nIn welk jaar werden de Activiteiten ge\u00efntroduceerd?<\/strong><\/p>\n<p>In 2004. Om allerlei redenen hebben we veel moeten experimenteren.<br \/>\nIn het bijzonder moesten we beslissen hoe we de winst van een activiteit fiscaal gingen defini\u00ebren. Dat was een uiterst delicate kwestie, ongeacht het land waarin deze zich voordoet. Hoe ga je om met de jaarperiodiciteit van de belasting voor projecten die zich over het jaar uitstrekken zonder de mogelijkheid om aan het einde van elk belastingjaar een winst of een verlies te kunnen voorleggen? We moesten de projecten \u00e9\u00e9n voor \u00e9\u00e9n aan de belastinginspectie voorleggen v\u00f3\u00f3r we eenvoudige en veilige manieren hadden bedacht voor de leden.<br \/>\nHet had net zo goed niet kunnen lukken, maar dat deed het wel. De activiteiten hebben voor een explosieve groei van Smart gezorgd. We registreerden een sterke toename van het aantal leden en van de behandelde financi\u00eble bedragen. Die toestroom van projectbudgetten zorgde op haar beurt weer voor een aanzienlijke cashflow. Daardoor konden we ook het uitbetalingssysteem van de lonen veranderen. Tot dan toe betaalden we leden wanneer we het geld van hun opdrachtgever ontvingen. Voortaan ontvingen de leden hun loon uiterlijk een vast aantal dagen na afloop van hun contract, zelfs als de factuur nog niet door de opdrachtgever was betaald. Deze verbetering van de uitbetaling leverde ons opnieuw een groot aantal gebruikers op. Al die veranderingen vereisten een grote reeks aanpassingen aan het IT-systeem en de invoering van complexe administratieve procedures voor het innen van schulden bij de opdrachtgevers. De introductie van een zeer specifieke collectieve ongevallenverzekering voor alle leden (zowel voor arbeidsongevallen als voor ongevallen in de priv\u00e9sfeer) was een andere factor waardoor het aantal leden snel toenam. In Belgi\u00eb en Frankrijk is elke werkgever verplicht een verzekering af te sluiten voor de werknemers voor ongevallen die zich voordoen op de werkplek of op weg van en naar het werk.<br \/>\nAlleen werkt die verplichte verzekering niet goed, of houdt ze zelfs op te werken, wanneer de werkplek niet vast is of wanneer de werktijden niet strikt zijn vastgelegd. Wat precies het geval is voor kunstenaars en voor iedereen die we &#8220;projectwerkers&#8221; noemden.<br \/>\nWe hebben toen een verzekeraar gevonden met wie we konden onderhandelen over een collectief ongevallenverzekeringscontract voor de leden van Smart, dat zowel voldoende dekking bood voor de werkperiodes als voor de reizen tijdens die werkperiodes, maar eveneens voor ongevallen in het priv\u00e9leven. En dat tegen een financieel zeer aanvaardbare collectieve premie.<br \/>\nVanaf toen konden we tegen onze leden zeggen: &#8220;Als je een ongeluk krijgt, meld het dan en de verzekering betaalt uit&#8221;. Dat werkte bijzonder goed. Het was een welkome kers op de taart en de leden waren ons zeer dankbaar.<\/p>\n<p>&nbsp;<\/p>\n<p><strong><img loading=\"lazy\" decoding=\"async\" class=\"\" src=\"https:\/\/smartbe.be\/wp-content\/uploads\/2024\/09\/question.png\" width=\"40\" height=\"40\" \/><br \/>\nVertel eens over de relatie tussen Smart en de vakbonden.<\/strong><\/p>\n<p>Onze positie als tussenpersoon tussen de kunstenaars en hun opdrachtgevers werd indertijd niet geaccepteerd door de vakbonden. Want juist zij hadden gestreden voor een werknemersstatus voor podiumkunstenaars en daarmee voor de werkgeversstatus voor de opdrachtgever.<br \/>\nZowel in Frankrijk als in Belgi\u00eb, was het voor hen uit den boze om een derde partij toe te laten in de werkgever-werknemer relatie. Dat zou het leven van de werkgevers te makkelijk maken. En het was onverteerbaar dat iemand grof geld verdiende op de rug van arme kunstenaars. Dat was de offici\u00eble formulering van het conflict, dat in Belgi\u00eb en Frankrijk heel verschillend evolueerde.<\/p>\n<p>In Belgi\u00eb hebben we geduldig gewacht tot de vakbondsmensen van de generatie hardliners hun loopbaan be\u00ebindigden en door jongere, meer ruimdenkende collega\u2019s werd vervangen.<br \/>\nMaar in Frankrijk was de tegenstand hardnekkiger. De positie van de Conf\u00e9deration G\u00e9n\u00e9rale du Travail (CGT) op het ministerie van Cultuur was enorm sterk. Alle kleine stappen die we in Belgi\u00eb wel konden zetten, waren onmogelijk in Frankrijk. Dat mondde uit in een extreem hard juridisch conflict dat Smart \u2013 in eerste instantie \u2013 won. Toen het conflict jaren later weer oplaaide, werd in Frankrijk La Nouvelle Aventure<sup class='footnote' id='fnref-47060-3'><a href='#fn-47060-3' rel='footnote'>3<\/a><\/sup> verboden.<\/p>\n<p>&nbsp;<\/p>\n<p><strong><img loading=\"lazy\" decoding=\"async\" class=\"\" src=\"https:\/\/smartbe.be\/wp-content\/uploads\/2024\/09\/question.png\" width=\"40\" height=\"40\" \/><br \/>\nLopen de groeifasen van Smart altijd synchroon met vernieuwende idee\u00ebn?<\/strong><\/p>\n<p>Ja natuurlijk! In het begin bestond er niks, dus elk idee was welkom. Ze waren niet allemaal goed, maar werden wel uitgeprobeerd. Het was eigenlijk een constante afwisseling tussen mislukte pogingen en successen. Gelukkig waren er meer goede dan slechte idee\u00ebn. En gelukkig hadden de slechte idee\u00ebn geen rampzalige gevolgen.<\/p>\n<p>&nbsp;<\/p>\n<p><strong><img loading=\"lazy\" decoding=\"async\" class=\"\" src=\"https:\/\/smartbe.be\/wp-content\/uploads\/2024\/09\/question.png\" width=\"40\" height=\"40\" \/><br \/>\nKun je ons voorbeelden geven van mislukte pogingen?<\/strong><\/p>\n<p>Een van de slechte idee\u00ebn was om in een te vroeg stadium te zeggen dat Smart de verantwoordelijkheid nam voor de activiteiten van de leden. Dat leidde tot veel verwarring en enorme problemen bij het verduidelijken van zaken tussen adviesverleners en leden. Dat heeft een aantal gespannen situaties opgeleverd op waarin ik onnodige knopen moest ontwarren.<br \/>\nDe ontwikkeling van Smart was geen triomftocht van begin tot eind maar ging met vallen en opstaan. We zijn ongeveer vijftien jaar bezig geweest met constant cre\u00ebren, wijzigen en aanpassen&#8230; Vijftien jaar van bijna constante reflectie en verbetering van de procedures en de tools.<br \/>\nEen ander experiment dat ons veel energie heeft gekost, was onze betrokkenheid bij de financiering van filmprojecten door gebruik te maken van het Tax Shelter-mechanisme.<br \/>\nOm arbeidsovereenkomsten te kunnen geven aan leden die geen kunstenaar waren, werden we verplicht een uitzendbureau op te richten. Die commerci\u00eble structuur maakte winst waarop vennootschapsbelasting betaald moest worden. Dankzij het Tax Shelter-systeem was het mogelijk om op een deel van die winsten geen belastingen te moeten betalen door ze te investeren in filmproducties of shows. Het leek aanvankelijk een goed idee, maar het systeem bleek omslachtig en ingewikkeld in de uitvoering. Het kostte ons enorm veel tijd om structuren op te zetten en te beheren en om coproductiecontracten af te sluiten. Na een paar filmproducties zijn we ermee gestopt.<\/p>\n<p>&nbsp;<\/p>\n<p><strong><img loading=\"lazy\" decoding=\"async\" class=\"\" src=\"https:\/\/smartbe.be\/wp-content\/uploads\/2024\/09\/question.png\" width=\"40\" height=\"40\" \/><br \/>\nAltijd in dienst van&#8230;?<\/strong><\/p>\n<p>Ja, altijd in dienst van&#8230; de leden steunen was zo vanzelfsprekend dat we er niet eens over spraken.<br \/>\nZowel Pierre en ik geven niet om geld \u201com het geld\u201d. Zo zijn we grootgebracht. Toen we eenmaal geconstateerd hadden dat we niet de behoefte hadden om rijk te worden, maakte dat de ontwikkeling van Smart vanzelfsprekend en makkelijk.<br \/>\nHet extreem snelle succes bracht ons trouwens in een positie van totale financi\u00eble onafhankelijkheid. We waren niet afhankelijk van subsidies, onze acties waren niet afhankelijk van enige autoriteit. Dat gaf ons de vrijheid te experimenteren.<br \/>\nUiteraard waren we wel verplicht ons aan de wettelijke regels te houden. De sociale en de belastinginspectie hielden ons constant in de gaten. We hebben die beperkingen met veel goede wil geaccepteerd. De relatie met de sociale inspectie was goed en soms zelfs hartelijk, omdat de inspecteurs er snel van overtuigd waren dat onze acties bedoeld waren onze gebruikers een sociale bescherming te geven die ze zonder ons niet zouden hebben.<\/p>\n<p><strong>Je wilde het hebben over het studiebureau.<\/strong><\/p>\n<p>Het studiebureau is het gevolg van een ontmoeting met een sleutelfiguur in de ontwikkeling van Smart, namelijk Alain de Wasseige.<br \/>\nAlain de Wasseige was ambtenaar geweest op het ministerie van Cultuur van de Franse Gemeenschap en specialist in cultuurbeleid. We leerden hem kennen toen hij het ministerie verliet en we waren heel blij dat hij bij Smart wilde komen werken. Hij richtte het studiebureau op. Zo konden we onze geloofwaardigheid bevestigen en raakten we van ons imago van incompetente cowboys af. We waren nu gesprekspartners die aan tafels konden zitten die tot dan toe voor ons onbereikbaar waren. Het studiebureau werkte opmerkelijk goed met jonge werknemers, vooral jonge vrouwen, die gespecialiseerd waren in statistiek en sociologie.<br \/>\nHun werk verschafte Smart gegevens die doorslaggevend bleken in de discussies die we met de buitenwereld voerden. Dankzij het studiebureau konden we ons verankeren in programma&#8217;s op het gebied van cultuur en sociale zaken, studies uitvoeren en publicaties uitgeven in samenwerking met de Franse Gemeenschap. Orville<sup class='footnote' id='fnref-47060-4'><a href='#fn-47060-4' rel='footnote'>4<\/a><\/sup> zet dat vandaag voort. Het studiebureau zelf werd in 2015 opgeheven.<\/p>\n<p>&nbsp;<\/p>\n<p><strong><img loading=\"lazy\" decoding=\"async\" class=\"\" src=\"https:\/\/smartbe.be\/wp-content\/uploads\/2024\/09\/question.png\" width=\"40\" height=\"40\" \/><br \/>\n<\/strong><strong>Hadden die studies betrekking op economische vraagstukken en op het culturele en artistieke milieu in het algemeen? Niet enkel op de leden van Smart?<\/strong><\/p>\n<p>Dat hing af van wat er gevraagd werd. Maar natuurlijk leverde het gegevens op over de wetten en de regelgeving die zeer waardevol waren om ons voor te bereiden op onderhandelingen. Daardoor stonden we veel steviger in onze schoenen dan voorheen. Ik heb erg veel waardering voor het verzette werk. Het is jammer dat het bureau niet meer bestaat.<\/p>\n<p>&nbsp;<\/p>\n<p><strong><img loading=\"lazy\" decoding=\"async\" class=\"\" src=\"https:\/\/smartbe.be\/wp-content\/uploads\/2024\/09\/question.png\" width=\"40\" height=\"40\" \/><br \/>\nHoeveel mensen werkten er?<\/strong><\/p>\n<p>Op een gegeven moment werkten er vier mensen, in het begin onder leiding van Alain, die er halftijds werkte want ook andere activiteiten had. Ik wilde het specifiek hebben over het studiebureau omdat de oprichting ervan echt een moment van verandering betekende in de kwaliteit van ons discours. In feite werd er oneindig veel beter naar ons geluisterd toen we eenmaal verifieerbare gegevens konden overleggen en op basis daarvan doordachte voorstellen deden.<\/p>\n<p>&nbsp;<\/p>\n<p><strong><img loading=\"lazy\" decoding=\"async\" class=\"\" src=\"https:\/\/smartbe.be\/wp-content\/uploads\/2024\/09\/question.png\" width=\"40\" height=\"40\" \/><br \/>\nKun je een voorbeeld geven van een project dat enigszins symbolisch is voor dit studiebureau?<\/strong><\/p>\n<p>Dan zou ik de studies en publicaties willen noemen over de economie van het werk van kunstenaars en over de arbeidsvoorwaarden van projectwerk. Daarmee konden we vooruitgang boeken met name op het gebied van de procedures voor het betalen van werkloze kunstenaars.<br \/>\nWat ook heeft bijgedragen aan het opbouwen van onze geloofwaardigheid was de oprichting van de juridische dienst. Zowel voor onze interne behoeften om onze eigen kennis van de wettelijke regels te verfijnen als voor de behoeften van onze leden. Wie met problemen bij ons aanklopte, werd door onze juristen doorverwezen naar externe advocaten met wie we betaalbare tarieven hadden onderhandeld, die ver onder de gemiddelde marktprijs lagen. Dat was een heel belangrijke en gewaardeerde service. Iedereen die producties of productieprojecten had, deed daar een beroep op.<br \/>\nWaar ik het ook over wilde hebben is onze ondersteuning van de ontwikkeling van de activiteiten van de leden. Dankzij de ervaring van Alain de Wasseige met het toekennen van subsidies aan kunstenaars en hun projecten, konden we hiaten in de bestaande ondersteuningsmechanismen identificeren. Zo hebben we twee gevallen ge\u00efdentificeerd waarvoor geen subsidies bestonden en besloten we om \u2013 binnen de grenzen van onze financi\u00eble mogelijkheden \u2013 beurzen uit te delen om die leemtes op te vullen. Om specifieker te zijn, we besloten om kunstenaars te helpen in periodes van transitie in hun carri\u00e8re. Het is een typische situatie in de carri\u00e8re van een kunstenaar wanneer kansen zich voordoen, maar een financi\u00eble investering vereisen om te worden gerealiseerd. Een beeldend kunstenaar ontvangt bijvoorbeeld een uitnodiging om deel te nemen aan een tentoonstelling in Japan. Ideaal om meer bekendheid te verwerven, maar het is een dure kans: ze moeten reizen en hun werken vervoeren. Een situatie die niet gedekt werd door de bestaande steunmechanismen voor kunstenaars.<br \/>\nEen andere niche die niet gedekt werd door de bestaande beurzen was de noodzaak aan een opleiding of vorming om een carri\u00e8re een nieuwe wending te geven. Neem bijvoorbeeld het geval van een muzikant die stage wil lopen bij andere muzikanten om nieuwe technieken en stijlen onder de knie te krijgen en zo zijn carri\u00e8re te ontwikkelen. Met onze beurzen richtten we ons op deze niches. We deden een projectoproep en publiceerden de selectiecriteria. Tussen 2011 en 2016 hebben we beurzen uitgedeeld die hebben bijgedragen aan ons imago van mensen die kunstenaars actief en concreet ondersteunen.<\/p>\n<p>&nbsp;<\/p>\n<p><strong><img loading=\"lazy\" decoding=\"async\" class=\"\" src=\"https:\/\/smartbe.be\/wp-content\/uploads\/2024\/09\/question.png\" width=\"40\" height=\"40\" \/><br \/>\nWas dat voorbehouden aan Smart-leden of was het voor alle kunstenaars in Belgi\u00eb?<\/strong><\/p>\n<p>Het was niet alleen voor leden. We wilden het lidmaatschap van Smart niet verplichten.<br \/>\nEen andere manier om beeldende kunstenaars te ondersteunen was de kunstcollectie. Dankzij de ervaring van Alain de Wasseige als galeriehouder stelden we criteria op voor de aankoop en het beheer van kunstwerken rond het thema &#8220;Kunstenaarsportret&#8221;, in zeer brede zin opgevat. Die collectie omvat bijna 500 werken. In plaats van dure reclamecampagnes is het buitengewoon lonend geweest dat we beurzen hebben toegekend en een kunstcollectie hebben opgebouwd. Die acties hebben ons in contact gebracht met veel makers en kunstenaars en hebben onze positie als ondersteuner van kunstenaars bestendigd.<\/p>\n<p>&nbsp;<\/p>\n<p><strong><img loading=\"lazy\" decoding=\"async\" class=\"\" src=\"https:\/\/smartbe.be\/wp-content\/uploads\/2024\/09\/question.png\" width=\"40\" height=\"40\" \/><br \/>\nMaken de kunstwerken die je in de gebouwen van Sint-Gillis ziet hangen, deel uit van deze collectie?<\/strong><\/p>\n<p>Ja. Helaas is de collectie niet voortgezet door mijn opvolger. Gelukkig wordt ze tegenwoordig weer getoond maar er zou veel meer mogelijk mee zijn. De beurzen, de collectie, andere concrete projecten om leden te ondersteunen, zijn verdwenen. Ik denk dat je je wel kunt voorstellen hoe ik me daarover voel.<\/p>\n<p>&nbsp;<\/p>\n<p><strong><img loading=\"lazy\" decoding=\"async\" class=\"\" src=\"https:\/\/smartbe.be\/wp-content\/uploads\/2024\/09\/question.png\" width=\"40\" height=\"40\" \/><br \/>\nNatuurlijk. Laten we verder gaan met de aankoop van de gebouwen.<\/strong><\/p>\n<p>Wat betreft de aankoop van de gebouwen, hebben we enorm veel geluk gehad. In het begin, tussen 1996 en 2001, huurde Smart lokalen van een bevriend filmmaker in Molenbeek, maar zoals eerder gezegd werd die ruimte te klein. We waren in 2001 met elf en moesten verhuizen. Toen vonden we in Sint-Gilles een nieuw pand dat we huurden van een bedrijf voor ziekenhuisbenodigdheden. Het voelde als een enorme ruimte: een huis met drie verdiepingen tot onze beschikking!<br \/>\nWe hadden het geluk dat het bedrijf aan het inkrimpen was en dat het tempo van hun krimp overeenkwam met de toename van onze behoeften aan ruimte. Toen we moesten uitbreiden, huurden we het buurhuis. We openden een paar tussendeuren tussen de huizen en cre\u00eberden zo extra kantoorruimte.<br \/>\nToen het bedrijf besloot te verhuizen, bood de eigenaar ons aan het hele complex te kopen. Hoewel we snel groeiden en meer ruimte nodig hadden, was het geheel te veel. En er waren enkele laboratoria die niet geschikt waren voor kantoorgebruik. Na twee jaar onderhandelen, besloten we uiteindelijk toch het hele complex te kopen met het oog op onze toekomstige behoeften.<br \/>\nWe onderhandelden hard en kochten het voor een zeer goede prijs. Omdat we geld in kas hadden, hoefden we niet veel te lenen om de deal te financieren. De aankoop bleek een uitstekende investering te zijn. Om het in perspectief te plaatsen: we betaalden er 5,5 miljoen voor. De gebouwen zijn nu ongeveer drie keer zoveel waard.<br \/>\nKort na de aankoop heeft een groep kunstenaars, de Brussels Art Factory (BAF), een van de gebouwen gehuurd om er atelierruimtes te cre\u00ebren. We hadden voldoende ruimte, en zodra er een nieuw atelier nodig was, konden we dat we dat zonder problemen inrichten.<br \/>\nDe gebouwen waren in goede staat. De enige onvoorziene gebeurtenis was dat de grote schoorsteen die in het midden van het blok stond scheef begon te hangen en moest worden afgebroken. Toen ik vertrok, waren er plannen voor de herontwikkeling van het gebouwencomplex, maar daar heb ik geen tijd voor gehad. Die plannen werden opnieuw uitgewerkt en zijn prachtig gerealiseerd door mijn opvolger.<\/p>\n<p>&nbsp;<\/p>\n<p><strong>In ieder geval is het een gebouw dat vandaag heel symbolisch is voor Smart, en waar mensen over praten. Het is een plek die je niet snel vergeet. Er is iets heel speciaals aan dit complex. Het is prachtig.<\/strong><\/p>\n<p>Inderdaad.<br \/>\nOok het onderbrengen van de BAF was een groot succes en bevestigde het imago van Smart als ondersteuner van artistieke en creatieve activiteiten. We kwamen ook in contact met de eigenaar van een groot complex op de Lavall\u00e9estraat in Molenbeek. Ook die panden hebben we gehuurd om nog meer ateliers te kunnen aanbieden aan kunstenaars en andere makers. Omdat de eigenaar meer ge\u00efnteresseerd was in het verhogen van de waarde van zijn grond dan in het verhuren van de gebouwen konden we relatief goedkoop huren. Het lijkt moeilijk om de site winstgevend te maken door enkel studio&#8217;s onder te verhuren en evenementen te organiseren. Maar ik ben van mening dat de reputatie die voortvloeit uit de activiteiten op die locatie een extra hefboom is voor de groei en ontwikkeling van het Smart-project.<\/p>\n<p>&nbsp;<\/p>\n<p><strong><img loading=\"lazy\" decoding=\"async\" class=\"\" src=\"https:\/\/smartbe.be\/wp-content\/uploads\/2024\/09\/question.png\" width=\"40\" height=\"40\" \/><br \/>\nVertel eens over de internationale ontwikkeling.<\/strong><\/p>\n<p>Meer dan tien procent van onze facturen ging naar buitenlandse klanten, meestal Fransen, maar ook Duitsers, Nederlanders, Italianen en Spanjaarden. Het idee om in die landen mensen te vinden die vertrouwd waren met de lokale regelgeving kwam dus niet uit de lucht vallen.<br \/>\nIn 2006 ging een lid van onze raad van bestuur naar de Bi\u00ebnnale Internationale du Spectacle (BIS) in Nantes en raadde ons aan deel te nemen aan de volgende editie van het evenement. We gingen erheen met wat demo-apparatuur voor onze software. De eerste persoon die we ontmoetten, was Sandrino Graceffa<sup class='footnote' id='fnref-47060-5'><a href='#fn-47060-5' rel='footnote'>5<\/a><\/sup>. We kwamen op het idee een Smart op te richten in Frankrijk. Met andere ge\u00efnteresseerde Fransen hebben we toen Smart France opgericht en jij, C\u00e9line, was onze eerste werkneemster. Ik herinner me met plezier de vergadering waarop wij, Sandrino, Denis Thevenin, Luc Gaurichon en ik, besloten jou aan te nemen. Daar hebben we geen spijt van gehad, want je hebt geweldig werk geleverd bij de ontwikkeling van het kantoor in Lille.<\/p>\n<p>&nbsp;<\/p>\n<p><strong><img loading=\"lazy\" decoding=\"async\" class=\"\" src=\"https:\/\/smartbe.be\/wp-content\/uploads\/2024\/09\/question.png\" width=\"40\" height=\"40\" \/><br \/>\nWanneer heeft Pierre Burnotte Smart verlaten?<\/strong><\/p>\n<p>In 2008 liet hij me weten dat hij limonade zou gaan verkopen in de Sahel. Zijn vrouw was opgegroeid in Afrika en al bij het begin van hun relatie had ze hem gezegd dat ze terug zou gaan naar Afrika zodra hun dochter volwassen was. En vanaf het begin van onze avonturen had Pierre me gezegd: als zij naar Afrika gaat, ga ik met haar mee. Dat was ooit gezegd, maar ik was dat al half vergeten. Tot de dag dat het toch gebeurde en ze in Burkina Faso een hotel vonden om over te nemen. Toen kwam de dag waarop Pierre me zei: &#8220;Over zes maanden ben ik weg&#8221;. Ik had geen tijd om over de toekomst na te denken, want er was te veel werk. Toen vertrok hij en nog steeds vind ik dat erg spijtig.<br \/>\nMijn relatie met Pierre was namelijk geweldig. Ik had altijd het gevoel dat wat goed voor hem was, ook goed voor mij was en omgekeerd. We spraken elkaar bijna dagelijks, en beslissingen werden bijna onmiddellijk genomen: &#8220;H\u00e9, ik heb een idee&#8221; en dan volgde de reactie: &#8220;Dat lijkt me een heel goed idee, maar misschien hier en daar een beetje aanpassen\u201d. Nadat hij weg was heb ik me nog lange tijd de vraag gesteld wat Pierres antwoord zou zijn geweest als ik hem die of die vraag had gesteld. Tot ik me realiseerde dat ik alleen was en dat wat ik dacht dat Pierre zou zeggen niets te maken had met het feit dat ik hoe dan ook een bepaalde beslissing moest nemen.<\/p>\n<p>&nbsp;<\/p>\n<p><strong><img loading=\"lazy\" decoding=\"async\" class=\"\" src=\"https:\/\/smartbe.be\/wp-content\/uploads\/2024\/09\/question.png\" width=\"40\" height=\"40\" \/><br \/>\nDus hij vertrok in 2009?<\/strong><\/p>\n<p>Ja. En net op dat moment had het virus van de internationale ontwikkeling mij besmet. Naast het oorspronkelijke idee \u2013 de ontwikkeling van een internationaal netwerk van structuren vergelijkbaar met Smart om de arbeidsomstandigheden van kunstenaars, technici en projectwerkers in het algemeen te verbeteren \u2013 was ik tot de conclusie gekomen dat die ontwikkeling niet alleen noodzakelijk was voor die beroepsgroepen. Een dergelijk netwerk zou ook een volgende fase inluiden in de ontwikkeling en groei van ons project. Daarom nam ik toen de beslissing het grootste deel van mijn tijd te besteden aan het opzetten van dat netwerk. Ik maakte die intentie bekend aan het directieteam en vertrouwde hen het dagelijks beheer van het Belgische project toe.<br \/>\nIk vond het interessant en ook gewoon heel leuk om het internationale netwerk op te richten. De periode 2010-2014 was een uiterst vruchtbare periode voor ontmoetingen. Niet dat ze allemaal even succesvol waren. Bij zo\u2019n &#8216;oefening&#8217; is het belangrijk om net \u00e9\u00e9n keer meer op te staan dan het aantal keren dat je valt. Er waren teleurstellingen, maar ook fascinerende warme ontmoetingen. We hebben elf internationale Smartjes opgericht, waarvan er nu nog zeven bestaan. De ontwikkeling gaat veel trager dan in Belgi\u00eb, maar ze evolueren, en vier ervan draaien quitte. En met in elk land een heel verschillend parcours. Ik was erg blij onlangs te horen dat het echte netwerken tussen de Smart-structuren weer op de agenda staat. Dat voorspelt veel goeds voor de toekomst van de ontwikkeling.<br \/>\nIk heb in ieder geval veel plezier gehad. Ik herinner me jou, C\u00e9line, op een van de eerste internationale bijeenkomsten in Brussel. We zaten met bijna twintig mensen rond de tafel, \u00e9n met de nodige communicatieproblemen.<\/p>\n<p><strong>Het was eigenlijk best grappig.<\/strong><\/p>\n<p>En buitengewoon interessant.<br \/>\nZo had ik in Spanje een geweldige ontmoeting met Anne-Laure Desgris. We hebben toen veel gepraat over wat een co\u00f6peratie is, wat democratie zou moeten zijn en wat democratie kan betekenen in het beheer van een co\u00f6peratie. Ik ben heel blij dat ze de rol op zich heeft genomen die ze nu bij Smart heeft.<\/p>\n<p><strong>Je zei dat 2010-2014 een periode was waarin je je totaal hebt uitgeleefd, en &#8216;uit je voegen barstte&#8217; met de internationale ontwikkeling&#8230;<\/strong><\/p>\n<p>Ja. En helaas nam in die tijd Fr\u00e9d\u00e9ric Gregoir<sup class='footnote' id='fnref-47060-6'><a href='#fn-47060-6' rel='footnote'>6<\/a><\/sup>, die algemeen directeur was van Smart in Belgi\u00eb, ontslag. Ik moet erbij zeggen dat hij zijn twijfels wel had geuit toen hij die functie accepteerde. Ik kan dus alleen mezelf verwijten maken. Maar ik kwam toen in een zeer ongemakkelijke positie terecht. De internationale ontwikkeling was een fulltime job en nu kwam daar een tweede opdracht bij die minstens evenveel tijd kostte, namelijk het overnemen van het dagelijks bestuur in Brussel. Die overbelasting leidde tot mijn eerste hartaanval en een jaar later tot een tweede.<br \/>\nIk had dus geen andere keuze dan er in 2014 mee te stoppen.<br \/>\nEn dus ging ik op zoek naar een vervanger. Sandrino Graceffa leek verreweg de beste kandidaat. Ik bood hem de job aan en hij accepteerde. Met iemand anders aan het roer kon ik nu in alle rust mijn tweede hartaanval krijgen \u2026<br \/>\nEind 2018 heb ik Smart verlaten.<br \/>\nIk houd nog steeds de vinger aan de pols van wat er gebeurt, want Smart is en blijft het kindje van Pierre en van mij, waar ik zeer aan gehecht ben.<br \/>\nIk ben ontzettend blij te zien welke richting de ontwikkelingen vandaag uitgaan en de geweldige manier waarop de huidige directie zowel Covid, het debacle bij Smart France en het beheer van de voortdurende groei, heeft doorstaan. Ze doen het gewoon heel goed. Het is geweldig om te zien.<\/p>\n<p>&nbsp;<\/p>\n<p><strong><img loading=\"lazy\" decoding=\"async\" class=\"\" src=\"https:\/\/smartbe.be\/wp-content\/uploads\/2024\/09\/question.png\" width=\"40\" height=\"40\" \/><br \/>\nKun je ons vertellen wat je allerbeste momenten bij Smart waren?<\/strong><\/p>\n<p>Voor mij staat Smart eigenlijk voor 20 jaar geluk. Zo eenvoudig is dat.<br \/>\nMaar een van de opvallendste momenten is wel toen we tot onze grote verbazing de deur uit werden gezet tijdens een vergadering van de vakbond ACOD.<\/p>\n<p>&nbsp;<\/p>\n<p><strong><img loading=\"lazy\" decoding=\"async\" class=\"\" src=\"https:\/\/smartbe.be\/wp-content\/uploads\/2024\/09\/question.png\" width=\"40\" height=\"40\" \/><br \/>\nWas dat in de Troonstraat?<\/strong><\/p>\n<p>Dat was in de hoofdzetel van de ACOD in de Congresstraat.<\/p>\n<p><strong>Eerder gebruikte je de uitdrukking &#8220;hoe ver kun je te ver gaan&#8221;. In de tien jaar dat ik Smart ken, is het beeld dat ik vaak heb gehad een beetje dat van een piraat, een beetje een hacker.<\/strong><\/p>\n<p>Ja, dat is een heel juist beeld.<br \/>\nIn het begin verspreidden bepaalde vakbonden \u2013 die ons vanaf het begin al niet moesten \u2013 het idee dat we incompetente cowboys waren. Na verloop van tijd verdween het woord incompetent. Cowboy is gebleven.<\/p>\n<p>Een van de belangrijkste mensen in de ontwikkeling van Smart is Suzanne Capiau<sup class='footnote' id='fnref-47060-7'><a href='#fn-47060-7' rel='footnote'>7<\/a><\/sup> geweest, een advocate die onder andere gespecialiseerd is in het arbeids- en socialezekerheidsrecht. Dankzij de intense discussies die we met haar hadden, leerden we de valkuilen in de wetgeving en ook de interpretatiemogelijkheden ten voordele van onze gebruikers kennen. Je kan wel stellen dat we \u2018met de rode lijnen hebben geflirt\u2019. Temeer omdat de wetteksten, en dus ook de interpretatie ervan, relatief vaak veranderen. Sommige dingen werden een tijdje toegestaan om dan op een dag verboden te worden. Dus soms moesten we onze praktijk aanpassen.<br \/>\nIn de eerste drie of vier jaar ontdekten we situaties waarvoor goede regelgevende antwoorden niet bestonden. Regelgeving is vaak onvolledig en soms tegenstrijdig. Er zijn hiaten en situaties die niet worden beschreven. Of voorschriften die niet zijn ontworpen voor de situaties die we tegenomen. We moesten voortdurend improviseren, ingrijpen, interpreteren en beslissingen nemen. Als we de juiste antwoorden niet konden vinden in de regelgeving, moesten we beslissen hoe we zouden handelen. Die gedwongen navigatie tussen de regels leidde ertoe dat we steeds moesten afwegen hoe ver we te ver konden gaan. Op welk punt zouden de autoriteiten weigeren ons te volgen?<\/p>\n<p>Een heel goed voorbeeld daarvan is het volgende: een wet bepaalde dat het legaal was een bedrijf op te richten dat werknemers van andere bedrijven een deel van hun salaris betaalde. Die regeling betrof specifieke pensioenfondsen en vakantietoeslagfondsen, die geld inzamelden van werkgevers, en de werknemers van deze werkgevers een vakantietoeslag betaalden, met een aanvulling hierop, en nog een aanvulling op andere dingen. We vroegen ons af of we die wet konden toepassen om Smart te legitimeren? Smart betaalt het volledige salaris uit aan de werknemers van haar klanten, en is dus derde partij in de arbeidsrelatie. Suzanne zei: &#8220;In de paragraaf staat dat het geoorloofd is om een deel van het salaris te betalen. Maar 100% is ook een deel.\u201d We konden geen beter argument bedenken, dus gebruikten we dat, hoewel we wisten dat het dubieus was. We gebruikten het met succes totdat de bewuste paragraaf werd ingetrokken.<\/p>\n<p><strong>Als je de uitdrukking \u2018hoe ver kan men te ver gaan\u2019 googelt, lees je dat het een citaat van Jean Cocteau is.<\/strong><\/p>\n<p>Ik weet dat die uitdrukking aan hem wordt toegeschreven, maar ik weet niet zeker of hij de eerste was die hem gebruikte.<\/p>\n<p><strong>Suzanne heeft ons al heel wat informatie heeft gegeven over de collectieve actie tegen de RVA in 2011. Maar ik zou ook graag willen horen wat jij erover te zeggen hebt, om een tweede blik te werpen op deze episode, die inderdaad heel belangrijk is geweest in de geschiedenis van Smart.<\/strong><\/p>\n<p>Absoluut. Bij wijze van inleiding kan ik zeggen dat de RVA opeens, om voor ons onbekende redenen, besloot haar reglementen voor kunstenaars te herinterpreteren: aanscherping van de voorwaarden voor toegang tot werkloosheid, voor het behoud van rechten, enz. De vakbonden voelden zich daar heel onbehaaglijk bij en organiseerden een infosessie voor de kunstenaars. Tijdens die sessie probeerden ze een \u2018psychoanalyse te maken\u2019 van de RVA, en wilden ze uitleggen wat volgens hen de motivatie van de RVA was om haar reglementen te veranderen.<br \/>\nIk woonde de sessie bij en zei toen: \u201cIk zit hier in een wel heel slechte nachtmerrie. Want het gaat er niet om de motivatie van de RVA te begrijpen. Het gaat erom hoe te voorkomen dat ze die veranderingen ook werkelijk doorvoeren, zonder wettelijke rechtvaardiging. Een simpele administratieve herinterpretatie is onaanvaardbaar.\u201d Ik nodigde toen de aanwezigen uit voor een actiebijeenkomst bij Smart tegen de invoering van de maatregelen. Er kwamen meer dan 500 mensen op af. Op die bijeenkomst hebben we toegezegd dat elke kunstenaar die het slachtoffer zou worden van de verandering, door Smart en op kosten van Smart zou worden verdedigd. En dat hebben we ook gedaan.<br \/>\nIk zal niet ingaan op de details van alle ups en downs en de demonstraties. We hebben echt publiek actiegevoerd tot verdediging in de rechtszaal toe. De RVA heeft die nieuwe regelgeving moeten intrekken. Ik denk dat die stap essentieel is geweest en onze rol in Belgi\u00eb als verdediger van de rechten van kunstenaars en makers definitief heeft gevestigd. Ik ontmoet vandaag nog steeds mensen die me daarvoor bedanken.<\/p>\n<p><strong>Ja, het is ongelooflijk. Volgens mij is dat een van de enige voorbeelden van een collectieve actie die niet door een vakbond werd geleid.<\/strong><\/p>\n<p>Maar die actie leverde ons niet enkel vrienden op.<\/p>\n<p>&nbsp;<\/p>\n<p><strong><img loading=\"lazy\" decoding=\"async\" class=\"\" src=\"https:\/\/smartbe.be\/wp-content\/uploads\/2024\/09\/question.png\" width=\"40\" height=\"40\" \/><br \/>\nNu we het toch over administratieve problemen hebben, kun je iets vertellen over het offensief van de Bijzondere Belastinginspectie (BBI)?<\/strong><\/p>\n<p>Dat was een gigantische zure appel.<\/p>\n<p><strong>Ik denk dat Fr\u00e9d\u00e9ric Gregoir ons daar ook wat over verteld heeft, maar het is interessant om te zien hoe jij er achteraf naar kijkt.<\/strong><\/p>\n<p>De BBI kwam niet uit zichzelf in actie. Jarenlang hadden we op de traditionele manier contact met het ministerie van Financi\u00ebn. We deden aangiftes en de inspectie onderzocht de boekhouding op basis waarvan we onze aangiftes deden. Dat leverde nooit het minste probleem op.<br \/>\nMaar op een dag was er een groot conflict binnen onze raad van bestuur. Waar dat over ging, doet hier niet ter zake. Het kwam tot een stemming die Pierre en ik uiteindelijk wonnen met een zeer kleine marge van 8 tegen 7. Een van de bestuursleden ondervond die stemming als een persoonlijke aanval. Hij nam wraak door ons aan te klagen bij de Bijzondere Belastinginspectie. Die klacht bracht ons in de problemen waarover Fr\u00e9d\u00e9ric Gregoir al verteld heeft. De BBI legde ons een boete op van bijna 100 miljoen euro. We hebben ons met succes verdedigd voor de rechtbank. De rechtszaak duurde meer dan vijf jaar en werd pas na mijn vertrek afgerond, dankzij het vastberaden optreden van Roger Burton<sup class='footnote' id='fnref-47060-8'><a href='#fn-47060-8' rel='footnote'>8<\/a><\/sup> en het advocatenkantoor Everest van St\u00e9phane Bertouille. In plaats van het oorspronkelijk ge\u00ebiste bedrag van 100 miljoen, eisten ze uiteindelijk voor de periode waarin ik bestuurder was \u2013 als ik het me goed herinner \u2013 om en bij de 3 miljoen euro, die we graag betaalden.<\/p>\n<p>&nbsp;<\/p>\n<p><strong><img loading=\"lazy\" decoding=\"async\" class=\"\" src=\"https:\/\/smartbe.be\/wp-content\/uploads\/2024\/09\/question.png\" width=\"40\" height=\"40\" \/><br \/>\n<\/strong><strong>Om terug te komen op de internationale ontwikkeling, waar was je naar op zoek toen je naar het buitenland ging om mensen te ontmoeten? Wat was de essentie van Smart, de gemeenschappelijke deler, die je elders probeerde te ontwikkelen?<\/strong><\/p>\n<p>Ik ging op zoek naar mogelijkheden. Toen we naar Frankrijk gingen, naar de BIS in Nantes, wisten we nog niet echt wat we wilden. We dachten er misschien een paar ge\u00efnteresseerde muzikanten te vinden. Toen we Sandrino tegenkwamen, bleek dat we dezelfde idee\u00ebn hadden over non-profit ondernemerschap. Als we non-profit zeggen en als we het hebben over niet rijk worden, kan dat grijstinten aannemen van heel licht tot heel donker. Later kwamen we in contact met mensen van Franse co\u00f6peraties. Daar zijn we verschillende keren bijzonder teleurgesteld in geweest.<br \/>\nNaar aanleiding van de ontmoetingen in Frankrijk ben ik ons project veel meer gaan uitleggen in termen van het non-profit aspect. Het aspect om kunstenaars toegang te geven tot de best mogelijke sociale bescherming kwam op tweede plaats in de uitleg.<\/p>\n<p><strong><br \/>\n<\/strong><\/p>\n<p><strong><img loading=\"lazy\" decoding=\"async\" class=\"\" src=\"https:\/\/smartbe.be\/wp-content\/uploads\/2024\/09\/question.png\" width=\"40\" height=\"40\" \/><br \/>\nIn het begin wist Smart niet precies waar ze naar op zoek was. Maar er waren wel veel mensen op zoek naar Smart. Moest je selecteren tussen de mensen die door het succes van Smart werden aangetrokken?<\/strong><\/p>\n<p>Ja, we moesten selecteren, hoewel ik dat met tegenzin deed. In Engeland zijn we lange tijd door, wat later bleek, een oplichter aan het lijntje gehouden. Wel een aardige oplichter. En een uitstekend schrijver, ik hou van zijn werk. Maar het was natuurlijk pijnlijk dat hij ons heeft voorgelogen. In elk land gebeurden verschillende dingen. Zo ontmoette ik in Spanje een Fran\u00e7aise die al 40 jaar in Barcelona woonde, Agn\u00e8s Blot. Met haar richtten we al snel een Smart in Spanje op. Toevallig vertelde een Spaans lid me dat ze iemand kende die betrokken was bij de sociale economie in Spanje; zij bracht me weer in contact met het Andalusische agentschap voor sociale economie. Andalusi\u00eb heeft een grote traditie van co\u00f6peraties en non-profit ondernemerschap. Zo leerde ik Jos\u00e9 Manuel Moreno kennen en zijn co\u00f6peraties, die een beetje functioneerden zoals Grands Ensemble in Frankrijk, een niet-geautomatiseerd, kleinschalig iets dat niet dacht aan uitbreiding maar heel goed functioneerde. En dus was het ingewikkeld, maar wel interessant, om Catalanen ervan te overtuigen samen te werken met Andalusi\u00ebrs, en erger nog, om een macho Andalusi\u00ebr ervan te overtuigen samen te werken met feministische Catalaanse vrouwen. Een anekdote: mijn vriend Jos\u00e9 Manuel Moreno had een vriend in Mexico die Juan Manuel Moreno heette. Juan was hoofd van de afdeling sociale economie aan een universiteit van de Jezu\u00efeten in Puebla. We werden uitgenodigd in Mexico want ze wilden ons graag leren kennen.<br \/>\nWat ik fascinerend vond \u2013 en daarom vond ik het zo jammer om ermee te moeten stoppen \u2013 was om naast de enorme verschillen in wet- en regelgeving op het gebied van de sociale zekerheid tussen de landen die we bezochten, toch gemeenschappelijke punten te vinden om te verdedigen. Afgezien van Mexico en Chili vond verder alles plaats in Europa. Het idee was om een platform voor sociale zekerheid op poten te zetten voor projectwerk. Het is een werk in uitvoering, dat ik tot mijn genoegen heb mogen verdedigen in het Comit\u00e9 van de Regio&#8217;s van Europa. Maar de evolutie gaat traag. Ik zou er zelf meer vaart achter hebben gezet. Maar misschien houd ik mezelf voor de gek. Dat is nu eenmaal het tempo waarin zulke wetgevingen zich in Europa ontwikkelen.<\/p>\n<p>&nbsp;<\/p>\n<p><strong>Voor iemand die nog maar pas bij Smart is, resoneert dit alles heel sterk met wat we nu proberen te realiseren, wat soms misschien aan de kant wordt geschoven, maar wat we niet vergeten zijn in de geest en in het DNA van Smart.<\/strong><\/p>\n<p>Ik merk dat veel dingen terugkomen. Ik volg de ontwikkelingen met belangstelling, maar ik houd me bewust op de achtergrond omdat ik niet de minste behoefte heb op iemands tenen te trappen. Het doet me veel deugd te zien hoe Smart zich ontwikkelt.<br \/>\nDeze duik in de geschiedenis van Smart brengt weer de geluksgevoelens terug die dit avontuur me heeft gegeven.<br \/>\nAfgezien van de weinige spijtgevoelens voor wat ik niet heb kunnen realiseren, denk ik met ontroering aan al diegenen die aan dit avontuur hebben deelgenomen: het personeel, de leden, alle mensen die advies hebben gegeven, de opdrachtgevers, de ambtenaren en de politici, al die paden die ik heb gekruist in de context van de Belgische en de internationale ontwikkeling.<\/p>\n<p>&nbsp;<\/p>\n<p>&nbsp;<\/p>\n<p>&nbsp;<\/p>\n<hr \/>\n<p>&nbsp;<\/p>\n<p><strong>Klik op het nummer van de voetnoot om terug te gaan naar de overeenstemmende plaats in de tekst.<\/strong><\/p>\n<p>&nbsp;<\/p>\n<p><span class='footnote' id='fn-47060-1'><a href='#fnref-47060-1'>1<\/a>.<\/span> Zie ook het interview van Pierre Burnotte. In het Frans.<\/p>\n<p><span class='footnote' id='fn-47060-2'><a href='#fnref-47060-2'>2<\/a>.<\/span> Amir Dibadj, medewerker van Julek Jurowicz en Pierre Burnotte sinds het ontstaan van de vzw voor de financi\u00eble en boekhoudkundige aspecten van Smart.<\/p>\n<p><span class='footnote' id='fn-47060-3'><a href='#fnref-47060-3'>3<\/a>.<\/span> De Franse co\u00f6peratie La Nouvelle Aventure was van 2012 tot 2020 aangesloten bij de SCIC Smart. Ze herbergde alle podium- en filmberoepen en slaagde er met haar gedeelde beheertools en haar werk in om het statuut van duizenden personen veilig te stellen. Door een onrechtmatige beslissing van de Fransep overheidsorganisatie P\u00f4le Emploi in september 2020 werd de co\u00f6peratie genoodzaakt om haar activiteiten stop te zetten.<\/p>\n<p><span class='footnote' id='fn-47060-4'><a href='#fnref-47060-4'>4<\/a>.<\/span> Orville Pletschette, verantwoordelijke levenslang leren van Smart en de PVCB \u2013 Professionele Vereniging voor Creatieve Beroepen \u2013 van de co\u00f6peratie.<\/p>\n<p><span class='footnote' id='fn-47060-5'><a href='#fnref-47060-5'>5<\/a>.<\/span> Zie ook <a href=\"https:\/\/smartbe.be\/fr\/25-ans-daventure-smart-interview-de-sandrino-graceffa\/\">het interview van Sandrino Graceffa<\/a>. In het Frans.<\/p>\n<p><span class='footnote' id='fn-47060-6'><a href='#fnref-47060-6'>6<\/a>.<\/span> Zie ook <a href=\"https:\/\/smartbe.be\/fr\/25-ans-daventure-smart-interview-de-frederic-gregoir\/\">het interview van Fr\u00e9d\u00e9ric Gregoir<\/a>. In het Frans.<\/p>\n<p><span class='footnote' id='fn-47060-7'><a href='#fnref-47060-7'>7<\/a>.<\/span> Zie ook <a href=\"https:\/\/smartbe.be\/fr\/25-ans-daventure-smart-interview-de-suzanne-capiau\/\">het interview van Suzanne Capiau<\/a>. In het Frans.<\/p>\n<p><span class='footnote' id='fn-47060-8'><a href='#fnref-47060-8'>8<\/a>.<\/span> Roger Burton is intussen strategisch adviseur geworden en ijvert in 2024 nog steeds voor een betere co\u00f6peratie. Zie ook <a href=\"https:\/\/smartbe.be\/fr\/25-ans-daventure-smart-interview-de-roger-burton\/\">het interview van Roger Burton<\/a>, in het Frans.<\/p>","protected":false},"excerpt":{"rendered":"<p>Oprichtervan de onderneming v\u00f3\u00f3r de beheertools van Smart, de bv Ubik vanaf 1992. Mede-oprichter en mede-afgevaardig bestuurder van Smart, eerst als vzw vervolgens als stichting. Hoofd van het globale project &#8211; als deel van een tweetal, van 1998 tot 2014. &hellip;<\/p>\n","protected":false},"author":54,"featured_media":46945,"parent":0,"menu_order":0,"comment_status":"closed","ping_status":"closed","template":"","meta":{"footnotes":""},"tags":[],"class_list":["post-47060","page","type-page","status-publish","has-post-thumbnail","hentry"],"aioseo_notices":[],"_links":{"self":[{"href":"https:\/\/smartbe.be\/nl\/wp-json\/wp\/v2\/pages\/47060","targetHints":{"allow":["GET"]}}],"collection":[{"href":"https:\/\/smartbe.be\/nl\/wp-json\/wp\/v2\/pages"}],"about":[{"href":"https:\/\/smartbe.be\/nl\/wp-json\/wp\/v2\/types\/page"}],"author":[{"embeddable":true,"href":"https:\/\/smartbe.be\/nl\/wp-json\/wp\/v2\/users\/54"}],"replies":[{"embeddable":true,"href":"https:\/\/smartbe.be\/nl\/wp-json\/wp\/v2\/comments?post=47060"}],"version-history":[{"count":10,"href":"https:\/\/smartbe.be\/nl\/wp-json\/wp\/v2\/pages\/47060\/revisions"}],"predecessor-version":[{"id":47596,"href":"https:\/\/smartbe.be\/nl\/wp-json\/wp\/v2\/pages\/47060\/revisions\/47596"}],"wp:featuredmedia":[{"embeddable":true,"href":"https:\/\/smartbe.be\/nl\/wp-json\/wp\/v2\/media\/46945"}],"wp:attachment":[{"href":"https:\/\/smartbe.be\/nl\/wp-json\/wp\/v2\/media?parent=47060"}],"wp:term":[{"taxonomy":"post_tag","embeddable":true,"href":"https:\/\/smartbe.be\/nl\/wp-json\/wp\/v2\/tags?post=47060"}],"curies":[{"name":"wp","href":"https:\/\/api.w.org\/{rel}","templated":true}]}}