
{"id":19600,"date":"2017-06-01T18:12:52","date_gmt":"2017-06-01T17:12:52","guid":{"rendered":"http:\/\/smartbe.be\/?page_id=19600\/"},"modified":"2017-06-21T15:12:59","modified_gmt":"2017-06-21T14:12:59","slug":"av-programma-in-detail","status":"publish","type":"page","link":"https:\/\/smartbe.be\/nl\/av-programma-in-detail\/","title":{"rendered":"Het gedetailleerde programma van Let&#8217;s Coop 20-6"},"content":{"rendered":"<p><\/em><\/p>\n<p><strong>Raadpleeg\u00a0het <a href=\"https:\/\/smartbe.be\/wp-content\/uploads\/2017\/06\/mep_planactivite_final.pdf\">gedetailleerde programma<\/a> in\u00a0pdf<\/strong><\/p>\n<p>&nbsp;<\/p>\n<p><em>Elke workshop (W) of rondetafel (TR) of info over de Smart-co\u00f6peratie wordt aangekondigd in de taal waarin het plaatsvindt. Voor de rondetafels (TR) met een * is er telkens simultaanvertaling in het Frans en het Nederlands voorzien.\u00a0<\/em><\/p>\n<p>9:00-10:00<br \/>\n<strong>Onthaal &amp; Ontbijt\/Accueil &amp; Petit-d\u00e9jeuner\u00a0<\/strong><\/p>\n<p>10:00-10:30<br \/>\n<strong>Pr\u00e9sentation de l&#8217;\u00e9tude &#8220;Enqu\u00eate exp\u00e9rimentale et coop\u00e9rative sur les pratiques du travail et de l&#8217;entreprise chez Smart&#8221; <\/strong>(I)<br \/>\navec<a href=\"https:\/\/smartbe.be\/fr\/news\/intervenant-ca-2017\/julien-charles\/\"> <em>Julien Charles<\/em> <\/a>(CESEP), <em>Auriane Lamine<\/em> (CESEP &amp; UCL),\u00a0<em>Isabelle Ferreras<\/em> (UCL),\u00a0<em>Lionel Casterman<\/em> (CESEP)<\/p>\n<p>10:00-11:00<br \/>\n<strong>Les chiffres Smart pour les nuls\u00a0<\/strong>(I)<br \/>\n<strong><br \/>\n<\/strong>10:00-11:30<br \/>\n<strong>Futur du travail : c&#8217;est vous, c&#8217;est nous, mais c&#8217;est quoi? <\/strong>(TR*)<br \/>\n<strong>De toekomst van het werk : dat zijn jullie, dat zijn wij, maar waar gaat het naartoe? (TR*)<br \/>\n<\/strong>met\/avec <em>Isabelle Ferreras<\/em> (UCL),\u00a0<a href=\"https:\/\/smartbe.be\/nl\/news\/intervenant-ag-2017\/isabelle-daugareilh\/\"><em>Isabelle Daugareilh<\/em><\/a> (Universit\u00e9 de Bordeaux), <em><a href=\"https:\/\/smartbe.be\/nl\/news\/intervenant-ag-2017\/19529\/\">Philippe Defeyt\u00a0<\/a>(<\/em>Institut pour un D\u00e9veloppement Durable),\u00a0<a href=\"https:\/\/smartbe.be\/nl\/news\/intervenant-ag-2017\/frederic-naedenoen\/\"><em>Fr\u00e9d\u00e9ric Naedenoen<\/em>\u00a0<\/a>(Lentic), <a href=\"https:\/\/smartbe.be\/nl\/news\/intervenant-ag-2017\/bruno-roelants\/\"><em>Bruno Roelants<\/em><\/a> (CECOP)<\/p>\n<p><em><strong>&gt;<\/strong>Voor deze rondetafel is er simultaanvertaling naar het Frans en het Nederlands voorzien.\u00a0<\/em><\/p>\n<p>10:30-12:00<br \/>\n<strong>Etre soci\u00e9taire de Smart, comment s&#8217;impliquer?\u00a0<\/strong>(W)<br \/>\navec <em>St\u00e9phanie Ladri\u00e8re<\/em> (Le BLIC)<\/p>\n<p>10:00-12:00<br \/>\n<strong>Netwerk Lab: een co\u00f6peratieve broedplaats voor nieuwe projecten en idee\u00ebn\u00a0<\/strong>(W)<br \/>\nmet <em>Hendrikje Meyvis<\/em> (Idrops)<\/p>\n<p>11:00-12:30<br \/>\n<strong>Nos outils informatiques en questions? <\/strong>\u00a0(W)<br \/>\navec <a href=\"https:\/\/smartbe.be\/fr\/news\/intervenant-ag-2017\/stefano-vicenzi\/\"><em>Stefano Vicenzi<\/em> <\/a>(Smart)<\/p>\n<p>11h-12h30<br \/>\n<strong>BRUSSELS CREATIVE, une plateforme bilingue van ICC<\/strong>\u00a0(TR)<br \/>\nmet\/avec<a href=\"https:\/\/smartbe.be\/fr\/news\/intervenant-ca-2017\/intervenant-1\/\"> <em>Alain Heureux<\/em> <\/a>(Brussels Creative)<\/p>\n<p>11:00-12:30<br \/>\n<em><strong>Facebook c&#8217;est bien&#8230; se voir en vrai, c&#8217;est mieux!\u00a0<\/strong><\/em>\u00a0(W)<br \/>\navec <a href=\"https:\/\/smartbe.be\/nl\/news\/intervenant-ag-2017\/pauline-duclaud-lacoste\/\"><em>Pauline Duclaud Lacoste<\/em><\/a> (Culture Meet-up)<\/p>\n<p>11:30 -12:30<br \/>\n<em><strong>Se regrouper pour \u00eatre plus fort: collectifs m\u00e9tiers &amp; structuration de fili\u00e8res \u00e9conomiques<\/strong><\/em>\u00a0(W)<br \/>\navec <em>Tim Gouverneur<\/em> (General Score)<\/p>\n<p>11:30-12:30<br \/>\n<strong><em>Villes, communs et culture : un renouveau <\/em><\/strong>(TR)<br \/>\navec <a href=\"https:\/\/smartbe.be\/nl\/news\/intervenant-ag-2017\/michel-bauwens\/\"><em>Michel Bauwens<\/em><\/a> (P2P), <a href=\"https:\/\/smartbe.be\/fr\/news\/intervenant-ca-2017\/nicole-alix\/\"><em>Nicole Alix<\/em><\/a> (Coop des communs), <a href=\"https:\/\/smartbe.be\/nl\/news\/intervenant-ag-2017\/rudolf-godesar\/\"><em>Rudolf Godesar<\/em><\/a> (ARFE)<\/p>\n<p>12:00-12:30<br \/>\n<strong>De Smart-cijfers voor dummies\u00a0<\/strong>\u00a0(I)<br \/>\nmet <a href=\"https:\/\/smartbe.be\/nl\/news\/intervenant-ag-2017\/thomas-blondeel\/\"><em>Thomas Blondeel <\/em><\/a>(Smart)<\/p>\n<p>11:45-13:15<br \/>\n<strong>Les midis POUR LA SOLIDARITE : Vers un socle europ\u00e9en de droits sociaux? <\/strong><br \/>\nmet\/ avec <a href=\"https:\/\/smartbe.be\/nl\/news\/intervenant-ag-2017\/thiebaut-weber\/\"><em>Thi\u00e9baut Weber <\/em><\/a>(CES &#8211; ETUC), <em>Pascale Charhon<\/em>, <em>Ann Branch<\/em> (DG Emploi &#8211; Commision EU), <a href=\"https:\/\/smartbe.be\/nl\/news\/intervenant-ag-2017\/sandrino-graceffa\/\"><em>Sandrino Graceffa<\/em> <\/a>(Smart), <a href=\"https:\/\/smartbe.be\/nl\/news\/intervenant-ag-2017\/denis-stokkink\/\"><em>Denis Stokkink<\/em><\/a> (Pour La Solidarit\u00e9)<\/p>\n<p><em><strong>&gt;<\/strong>Voor deze rondetafel is er simultaanvertaling naar het Frans en het Nederlands voorzien.\u00a0<\/em><\/p>\n<p>13:30 -14:30<br \/>\n<strong>Les chiffres Smart pour les nuls <\/strong>(I)<\/p>\n<p>13:30-15:00<br \/>\n<strong>Etre soci\u00e9taire de Smart, comment s&#8217;impliquer?\u00a0<\/strong>(W)<br \/>\navec <em>St\u00e9phanie Ladri\u00e8re<\/em> (Le BLIC)<\/p>\n<p>13:30-15:00<br \/>\n<strong>Futur du travail : compromis \u00e0 la belge ou nouveau mod\u00e8le social? A suivre&#8230;\u00a0<\/strong>(TR*)<br \/>\n<strong>Het werk van de toekomst: een Belgisch compromis of een nieuw sociaal model?\u00a0.\u00a0(TR*)<\/strong><br \/>\navec\/met\u00a0<a href=\"https:\/\/smartbe.be\/fr\/news\/intervenant-ca-2017\/matthieu-dewevre\/\"><em>Mathieu Dew\u00e8vre<\/em><\/a> (UCM), <a href=\"https:\/\/smartbe.be\/fr\/news\/intervenant-ca-2017\/frank-van-massenhove\/\"><em>Frank Van Massenhove<\/em> <\/a>(FOD Sociale Zekerheid \/ SPF S\u00e9curit\u00e9 Sociale), <a href=\"https:\/\/smartbe.be\/fr\/news\/intervenant-ca-2017\/pascale-vielle\/\"><em>Pascale Vielle<\/em><\/a>, <em>Felipe Van Keirsbilck<\/em> (ACV-CSC),\u00a0<a href=\"https:\/\/smartbe.be\/nl\/news\/intervenant-ag-2017\/sandrino-graceffa\/\"><em>Sandrino Graceffa<\/em><\/a> (Smart)<br \/>\nModerator: <a href=\"https:\/\/smartbe.be\/nl\/news\/intervenant-ag-2017\/jasper-dhoore\/\">Jasper Dhoore<\/a><\/p>\n<p><em>&gt; Voor deze rondetafel is er simultaanvertaling naar het Frans en het Nederlands voorzien.\u00a0<\/em><\/p>\n<p>13:30-15:00<br \/>\n<strong>Platform Cooperativism\u00a0<\/strong>(TR)<br \/>\nwith <a href=\"https:\/\/smartbe.be\/nl\/news\/intervenant-ag-2017\/joachim-jacob\/\"><em>Joachim Jacob<\/em> <\/a>(Partago), <a href=\"https:\/\/smartbe.be\/nl\/news\/intervenant-ag-2017\/intervenant-2\/\"><em>Susan Basterfield<\/em><\/a> (Loomio), <a href=\"https:\/\/smartbe.be\/fr\/news\/intervenant-ca-2017\/kate-beecroft\/\"><em>Kate Beecroft<\/em><\/a> (Enspiral), <a href=\"https:\/\/smartbe.be\/nl\/news\/intervenant-ag-2017\/sarah-ledant\/\"><em>Sarah Ledant<\/em> <\/a>(Smart), <em>Lieza Dessein<\/em> (Smart)<\/p>\n<p>14:00-15:00<br \/>\n<strong>Le Tax-shelter pour les Arts de la sc\u00e8ne : une solution pour contrer la baisse des financements publics ?\u00a0<\/strong>(TR)<br \/>\n<em>Benoit Vreux\u00a0(Centre international de formation en arts du spectacle)<\/em>, <em>Isabelle Jans<\/em>, <em>Sergio Giorgi <\/em>(Smart)<\/p>\n<p>14:00-15:00<br \/>\n<strong>Participer au projet coop\u00e9ratif, c&#8217;est possible en dehors du C.A. et de l&#8217;A.G.!\u00a0<\/strong>(W)<br \/>\navec <em>G\u00e9rard Fourr\u00e9<\/em> (Comptoir des Ressources Cr\u00e9atives)<\/p>\n<p>14:00-15:00<br \/>\n<strong>S<\/strong><strong>e regrouper pour \u00eatre plus fort: collectifs m\u00e9tiers &amp; structuration de fili\u00e8res \u00e9conomiques\u00a0<\/strong>(W)<br \/>\navec <a href=\"https:\/\/smartbe.be\/nl\/news\/intervenant-ag-2017\/pauline-coustols\/\"><em>Pauline Coustols <\/em><\/a>(Grands Ensemble)<\/p>\n<p>15:30-17:30<br \/>\n<strong>Algemene vergadering\u00a0<\/strong><\/p>\n<p>17:30<br \/>\n<b>Drink &amp; surprises!<\/b><\/p>\n<p>&#8212;<\/p>\n<h2><strong>En doorlopend:<br \/>\n<\/strong><\/h2>\n<p>animaties, je stem uitbrengen in het stembureau, nieuwe boeken ontdekken in de bookshop, yoga, je mening geven, naar de bioscoop, etc.<\/p>\n<p><strong>Fietsworkshops<\/strong><\/p>\n<p>&nbsp;<\/p>\n<p>11:00 &#8211;\u00a015:00 (non-stop)<br \/>\n<strong>Check your bike \u2013 DIY tips + fietsherstelatelier<\/strong><br \/>\ndoor \u00a0SOS VELO<\/p>\n<p>12:00 &#8211;\u00a012:30<br \/>\n<strong>Workshop \u00abdefensief rijden + tips &amp; tricks om veilig door het drukke stadsverkeer te navigeren<\/strong>\u00bb<br \/>\ndoor HUSH RUSH<\/p>\n<p>14:00 &#8211; 14:30<br \/>\n<strong>Workshop \u00abdefensief rijden + tips &amp; tricks om veilig door het drukke stadsverkeer te navigeren<\/strong>\u00bb<br \/>\ndoor HUSH RUSH<\/p>\n<p>&nbsp;<\/p>\n<p><strong>YOGA-sessies\u00a0<\/strong><\/p>\n<p>8:30 &#8211; 9:30<br \/>\nHATHA yogasessie<\/p>\n<p>15:00 &#8211; 15:30<br \/>\nMeditatiesessie &amp; pranayama<\/p>\n<h1><strong>\u00a0<\/strong><\/h1>\n<p>&nbsp;<\/p>","protected":false},"excerpt":{"rendered":"<p>Raadpleeg\u00a0het gedetailleerde programma in\u00a0pdf &nbsp; Elke workshop (W) of rondetafel (TR) of info over de Smart-co\u00f6peratie wordt aangekondigd in de taal waarin het plaatsvindt. Voor de rondetafels (TR) met een * is er telkens simultaanvertaling in het Frans en het &hellip;<\/p>\n","protected":false},"author":7,"featured_media":0,"parent":0,"menu_order":0,"comment_status":"closed","ping_status":"closed","template":"","meta":{"footnotes":""},"tags":[],"class_list":["post-19600","page","type-page","status-publish","hentry"],"aioseo_notices":[],"_links":{"self":[{"href":"https:\/\/smartbe.be\/nl\/wp-json\/wp\/v2\/pages\/19600","targetHints":{"allow":["GET"]}}],"collection":[{"href":"https:\/\/smartbe.be\/nl\/wp-json\/wp\/v2\/pages"}],"about":[{"href":"https:\/\/smartbe.be\/nl\/wp-json\/wp\/v2\/types\/page"}],"author":[{"embeddable":true,"href":"https:\/\/smartbe.be\/nl\/wp-json\/wp\/v2\/users\/7"}],"replies":[{"embeddable":true,"href":"https:\/\/smartbe.be\/nl\/wp-json\/wp\/v2\/comments?post=19600"}],"version-history":[{"count":36,"href":"https:\/\/smartbe.be\/nl\/wp-json\/wp\/v2\/pages\/19600\/revisions"}],"predecessor-version":[{"id":19951,"href":"https:\/\/smartbe.be\/nl\/wp-json\/wp\/v2\/pages\/19600\/revisions\/19951"}],"wp:attachment":[{"href":"https:\/\/smartbe.be\/nl\/wp-json\/wp\/v2\/media?parent=19600"}],"wp:term":[{"taxonomy":"post_tag","embeddable":true,"href":"https:\/\/smartbe.be\/nl\/wp-json\/wp\/v2\/tags?post=19600"}],"curies":[{"name":"wp","href":"https:\/\/api.w.org\/{rel}","templated":true}]}}