
{"id":7841,"date":"2014-07-16T14:40:28","date_gmt":"2014-07-16T13:40:28","guid":{"rendered":"http:\/\/smartbe.be\/?page_id=7841"},"modified":"2014-07-16T14:47:09","modified_gmt":"2014-07-16T13:47:09","slug":"la-collection-smart-sexpose","status":"publish","type":"page","link":"https:\/\/smartbe.be\/fr\/la-collection-smart-sexpose\/","title":{"rendered":"La Collection Smart s\u2019expose !"},"content":{"rendered":"<p>Smart compile depuis quelques ann\u00e9es une <a href=\"https:\/\/smartbe.be\/fr\/a-propos\/la-collection\/\">collection<\/a> d\u2019\u0153uvres d\u2019art autour de la th\u00e9matique des \u00ab\u00a0Portraits d\u2019Artistes\u00a0\u00bb.<\/p>\n<p>Plus de 300 \u0153uvres ont donc \u00e9t\u00e9 acquises sur base de leur qualit\u00e9, de leur originalit\u00e9 et de leur ad\u00e9quation avec ce th\u00e8me. Elles sont r\u00e9guli\u00e8rement pr\u00eat\u00e9es \u00e0 des mus\u00e9es, organisateurs d\u2019expositions et organisations culturelles nationales et internationales.<\/p>\n<p>Stephan Balleux fait partie des artistes pr\u00e9sents au sein de cette collection. Artiste pluridisciplinaire m\u00ealant dessin, peinture, sculpture et multim\u00e9dia, il est sans conteste l\u2019un des artistes plasticiens les plus talentueux de nos contr\u00e9es.<\/p>\n<p>Le Mus\u00e9e d\u2019Ixelles lui consacre actuellement une exposition d\u2019envergure. Deux \u0153uvres de notre collection ont \u00e9t\u00e9 pr\u00eat\u00e9es dans le cadre de cette exposition\u00a0: \u00ab\u00a0<a href=\"http:\/\/www.smartagora.com\/fr\/gallery\/view\/id\/2410#38\">Memling<\/a>\u00a0\u00bb et \u00ab\u00a0<a href=\"http:\/\/www.smartagora.com\/fr\/gallery\/view\/id\/2409#28\">Franky<\/a>\u00a0\u00bb.<\/p>\n<p>\u00ab<a href=\"http:\/\/www.museedixelles.irisnet.be\/fr\/expositions\/expositions-a-venir-1\/stephan-balleux\/stphan-balleux\/stephan-balleux.-la-peinture-et-son-double\">\u00a0Stephan Balleux. La peinture et son double<\/a>\u00a0\u00bb\u00a0est \u00e0 d\u00e9couvrir au Mus\u00e9e d\u2019Ixelles jusqu\u2019au 14 septembre 2014<\/p>\n<p>&nbsp;<\/p>\n<p>&nbsp;<\/p>\n<p><strong><i>La presse en parle\u00a0: <\/i><\/strong><\/p>\n<p><strong><i><a href=\"http:\/\/focus.levif.be\/culture\/arts\/stephan-balleux-expose-la-peinture-et-son-double-au-musee-d-ixelles\/article-normal-14869.html\">http:\/\/focus.levif.be\/culture\/arts\/stephan-balleux-expose-la-peinture-et-son-double-au-musee-d-ixelles\/article-normal-14869.html<\/a><\/i><\/strong><\/p>\n<p><strong><i><a href=\"http:\/\/www.lalibre.be\/culture\/arts\/stephan-balleux-prend-la-peinture-tres-au-serieux-53c3eea83570667a638a4d41\">http:\/\/www.lalibre.be\/culture\/arts\/stephan-balleux-prend-la-peinture-tres-au-serieux-53c3eea83570667a638a4d41<\/a><\/i><\/strong><\/p>\n<p><a href=\"https:\/\/smartbe.be\/wordpress\/..\/wp-content\/uploads\/2014\/07\/balleux.png\"><img loading=\"lazy\" decoding=\"async\" class=\"alignnone size-full wp-image-7845\" alt=\"balleux\" src=\"https:\/\/smartbe.be\/wordpress\/..\/wp-content\/uploads\/2014\/07\/balleux.png\" width=\"674\" height=\"161\" srcset=\"https:\/\/smartbe.be\/wp-content\/uploads\/2014\/07\/balleux.png 1477w, https:\/\/smartbe.be\/wp-content\/uploads\/2014\/07\/balleux-300x71.png 300w, https:\/\/smartbe.be\/wp-content\/uploads\/2014\/07\/balleux-1024x244.png 1024w, https:\/\/smartbe.be\/wp-content\/uploads\/2014\/07\/balleux-500x119.png 500w, https:\/\/smartbe.be\/wp-content\/uploads\/2014\/07\/balleux-290x69.png 290w\" sizes=\"auto, (max-width: 674px) 100vw, 674px\" \/><\/a><\/p>\n<p>\u00a9Stephan Balleux<b><span><b><br \/>\n<\/b><\/span><\/b><\/p>","protected":false},"excerpt":{"rendered":"<p>Smart compile depuis quelques ann\u00e9es une collection d\u2019\u0153uvres d\u2019art autour de la th\u00e9matique des \u00ab\u00a0Portraits d\u2019Artistes\u00a0\u00bb. Plus de 300 \u0153uvres ont donc \u00e9t\u00e9 acquises sur base de leur qualit\u00e9, de leur originalit\u00e9 et de leur ad\u00e9quation avec ce th\u00e8me. Elles &hellip;<\/p>\n","protected":false},"author":3,"featured_media":0,"parent":0,"menu_order":0,"comment_status":"closed","ping_status":"closed","template":"","meta":{"footnotes":""},"tags":[],"class_list":["post-7841","page","type-page","status-publish","hentry"],"aioseo_notices":[],"_links":{"self":[{"href":"https:\/\/smartbe.be\/fr\/wp-json\/wp\/v2\/pages\/7841","targetHints":{"allow":["GET"]}}],"collection":[{"href":"https:\/\/smartbe.be\/fr\/wp-json\/wp\/v2\/pages"}],"about":[{"href":"https:\/\/smartbe.be\/fr\/wp-json\/wp\/v2\/types\/page"}],"author":[{"embeddable":true,"href":"https:\/\/smartbe.be\/fr\/wp-json\/wp\/v2\/users\/3"}],"replies":[{"embeddable":true,"href":"https:\/\/smartbe.be\/fr\/wp-json\/wp\/v2\/comments?post=7841"}],"version-history":[{"count":5,"href":"https:\/\/smartbe.be\/fr\/wp-json\/wp\/v2\/pages\/7841\/revisions"}],"predecessor-version":[{"id":7853,"href":"https:\/\/smartbe.be\/fr\/wp-json\/wp\/v2\/pages\/7841\/revisions\/7853"}],"wp:attachment":[{"href":"https:\/\/smartbe.be\/fr\/wp-json\/wp\/v2\/media?parent=7841"}],"wp:term":[{"taxonomy":"post_tag","embeddable":true,"href":"https:\/\/smartbe.be\/fr\/wp-json\/wp\/v2\/tags?post=7841"}],"curies":[{"name":"wp","href":"https:\/\/api.w.org\/{rel}","templated":true}]}}