
{"id":46964,"date":"2024-08-29T12:19:42","date_gmt":"2024-08-29T10:19:42","guid":{"rendered":"https:\/\/smartbe.be\/?page_id=46964"},"modified":"2025-04-25T20:06:35","modified_gmt":"2025-04-25T18:06:35","slug":"25-ans-daventure-smart-raconte-moi-tout","status":"publish","type":"page","link":"https:\/\/smartbe.be\/fr\/25-ans-daventure-smart-raconte-moi-tout\/","title":{"rendered":"25 ans d&rsquo;aventure Smart. Raconte-moi tout"},"content":{"rendered":"<p><a href=\"https:\/\/smartbe.be\/ressources\/documents\/SMART_Raconte-moi-tout-web.pdf\"><img loading=\"lazy\" decoding=\"async\" class=\"aligncenter wp-image-47472 size-full\" src=\"https:\/\/smartbe.be\/wp-content\/uploads\/2024\/09\/ecran_memoires.jpg\" alt=\"\" width=\"1920\" height=\"1080\" srcset=\"https:\/\/smartbe.be\/wp-content\/uploads\/2024\/09\/ecran_memoires.jpg 1920w, https:\/\/smartbe.be\/wp-content\/uploads\/2024\/09\/ecran_memoires-300x169.jpg 300w, https:\/\/smartbe.be\/wp-content\/uploads\/2024\/09\/ecran_memoires-1024x576.jpg 1024w, https:\/\/smartbe.be\/wp-content\/uploads\/2024\/09\/ecran_memoires-768x432.jpg 768w, https:\/\/smartbe.be\/wp-content\/uploads\/2024\/09\/ecran_memoires-1536x864.jpg 1536w, https:\/\/smartbe.be\/wp-content\/uploads\/2024\/09\/ecran_memoires-500x281.jpg 500w, https:\/\/smartbe.be\/wp-content\/uploads\/2024\/09\/ecran_memoires-290x163.jpg 290w\" sizes=\"auto, (max-width: 1920px) 100vw, 1920px\" \/><\/a><\/p>\n<p>\u00c0 l\u2019occasion des 25 ans de Smart, nous avons choisi de donner la parole \u00e0 17 personnes qui ont fa\u00e7onn\u00e9 l\u2019aventure collective, mettant en lumi\u00e8re divers aspects de la coop\u00e9rative.<\/p>\n<p>Sa cr\u00e9ation en 1998, sa croissance rapide, sa volont\u00e9 de changement et sa capacit\u00e9 d\u2019innovation, le passage en grande coop\u00e9rative en 2017\u2026 D\u00e9couvrez une histoire secou\u00e9e, \u00e9nergique, pleine d\u2019espoirs et d\u2019obstacles surmont\u00e9s. Une histoire pleine de sens et de passions.<\/p>\n<p>Plongez dans les voix, les mots et les aventures qui font le grand biopic de Smart.<\/p>\n<p><strong><a href=\"https:\/\/smartbe.be\/ressources\/documents\/SMART_Raconte-moi-tout-web.pdf\" target=\"_blank\" rel=\"noopener\">Le tout en 17 interviews rassembl\u00e9es en un document PDF<\/a>.<\/strong><\/p>\n<p><strong>Ou \u00e0 lire une par une, sur ce site:<\/strong><\/p>\n<p><strong><a href=\"https:\/\/smartbe.be\/fr\/25-ans-daventure-smart-interview-de-pierre-burnotte\/\">Pierre Burnotte<\/a> &#8211; <\/strong><strong><a href=\"https:\/\/smartbe.be\/fr\/25-ans-daventure-smart-interview-de-julek-jurowicz\/\">Julek Jurowicz<\/a>\u00a0<\/strong><strong>&#8211; <a href=\"https:\/\/smartbe.be\/fr\/25-ans-daventure-smart-interview-de-suzanne-capiau\/\">Suzanne Capiau<\/a> <\/strong><strong>&#8211; <a href=\"https:\/\/smartbe.be\/fr\/25-ans-daventure-smart-interview-de-pierre-vreven\/\">Pierre Vreven<\/a><\/strong><strong>\u00a0<\/strong><strong>&#8211; <a href=\"https:\/\/smartbe.be\/fr\/25-ans-daventure-smart-interview-de-ingrid-inghelram\/\">Ingrid Inghelram<\/a> &#8211; <a href=\"https:\/\/smartbe.be\/fr\/25-ans-daventure-smart-interview-de-pierre-dhaenens\/\">Pierre D\u2019haenens<\/a> &#8211;<\/strong><strong>\u00a0<a href=\"https:\/\/smartbe.be\/fr\/25-ans-daventure-smart-interview-de-francoiz-breut\/\">Fran\u00e7oiz Breut<\/a>\u00a0<\/strong><strong>&#8211; <a href=\"https:\/\/smartbe.be\/fr\/25-ans-daventure-smart-interview-de-barbara-klepman\/\">Barbara Klepman<\/a> &#8211; <\/strong><strong><a href=\"https:\/\/smartbe.be\/fr\/25-ans-daventure-smart-interview-de-frederic-gregoir\/\">Fr\u00e9d\u00e9ric Gregoir<\/a>\u00a0<\/strong><strong>&#8211; <a href=\"https:\/\/smartbe.be\/fr\/25-ans-daventure-smart-interview-de-stany-herman\/\">Stany Herman <\/a><\/strong><strong>&#8211; <a href=\"https:\/\/smartbe.be\/fr\/25-ans-daventure-smart-interview-de-sandrino-graceffa\/\">Sandrino Graceffa<\/a>\u00a0 <\/strong><strong>&#8211;\u00a0<\/strong><strong><a href=\"https:\/\/smartbe.be\/fr\/25-ans-daventure-smart-interview-de-sophie-delriviere\/\">Sophie Delrivi\u00e8re<\/a> &#8211; <\/strong><strong><a href=\"https:\/\/smartbe.be\/fr\/25-ans-daventure-smart-interview-de-marie-francoise-wirix\/\">Marie-Fran\u00e7oise Wirix<\/a>\u00a0 \u00a0<\/strong><strong>&#8211; <a href=\"https:\/\/smartbe.be\/fr\/25-ans-daventure-smart-interview-de-ann-de-visscher\/\">Ann De Visscher <\/a><\/strong><strong>&#8211; <a href=\"https:\/\/smartbe.be\/fr\/25-ans-daventure-smart-interview-de-thomas-blondeel\/\">Thomas Blondeel <\/a><\/strong><strong>&#8211; <a href=\"https:\/\/smartbe.be\/fr\/25-ans-daventure-smart-interview-de-celine-viardot\/\">C\u00e9line Viardot<\/a> &#8211; <a href=\"https:\/\/smartbe.be\/fr\/25-ans-daventure-smart-interview-de-roger-burton\/\">Roger Burton<\/a><\/strong><\/p>\n<p>&nbsp;<\/p>\n<p>&nbsp;<\/p>\n<p><strong><a href=\"https:\/\/smartbe.be\/ressources\/documents\/SMART_Raconte-moi-tout-web.pdf\"><img decoding=\"async\" src=\"https:\/\/smartbe.be\/wp-content\/uploads\/2021\/01\/fleche-arrow-long.png\" \/>D\u00e9couvrez les 17 r\u00e9cits (pdf)<\/a><\/strong><\/p>\n<p>&nbsp;<\/p>","protected":false},"excerpt":{"rendered":"<p>\u00c0 l\u2019occasion des 25 ans de Smart, nous avons choisi de donner la parole \u00e0 17 personnes qui ont fa\u00e7onn\u00e9 l\u2019aventure collective, mettant en lumi\u00e8re divers aspects de la coop\u00e9rative. Sa cr\u00e9ation en 1998, sa croissance rapide, sa volont\u00e9 de &hellip;<\/p>\n","protected":false},"author":54,"featured_media":0,"parent":0,"menu_order":0,"comment_status":"closed","ping_status":"closed","template":"","meta":{"footnotes":""},"tags":[],"class_list":["post-46964","page","type-page","status-publish","hentry"],"aioseo_notices":[],"_links":{"self":[{"href":"https:\/\/smartbe.be\/fr\/wp-json\/wp\/v2\/pages\/46964","targetHints":{"allow":["GET"]}}],"collection":[{"href":"https:\/\/smartbe.be\/fr\/wp-json\/wp\/v2\/pages"}],"about":[{"href":"https:\/\/smartbe.be\/fr\/wp-json\/wp\/v2\/types\/page"}],"author":[{"embeddable":true,"href":"https:\/\/smartbe.be\/fr\/wp-json\/wp\/v2\/users\/54"}],"replies":[{"embeddable":true,"href":"https:\/\/smartbe.be\/fr\/wp-json\/wp\/v2\/comments?post=46964"}],"version-history":[{"count":52,"href":"https:\/\/smartbe.be\/fr\/wp-json\/wp\/v2\/pages\/46964\/revisions"}],"predecessor-version":[{"id":48218,"href":"https:\/\/smartbe.be\/fr\/wp-json\/wp\/v2\/pages\/46964\/revisions\/48218"}],"wp:attachment":[{"href":"https:\/\/smartbe.be\/fr\/wp-json\/wp\/v2\/media?parent=46964"}],"wp:term":[{"taxonomy":"post_tag","embeddable":true,"href":"https:\/\/smartbe.be\/fr\/wp-json\/wp\/v2\/tags?post=46964"}],"curies":[{"name":"wp","href":"https:\/\/api.w.org\/{rel}","templated":true}]}}