
{"id":37096,"date":"2022-05-18T21:11:24","date_gmt":"2022-05-18T20:11:24","guid":{"rendered":"https:\/\/smartbe.be\/?page_id=37096"},"modified":"2022-07-07T19:33:27","modified_gmt":"2022-07-07T18:33:27","slug":"assemblee-generale-2022","status":"publish","type":"page","link":"https:\/\/smartbe.be\/fr\/assemblee-generale-2022\/","title":{"rendered":"Assembl\u00e9e g\u00e9n\u00e9rale 2022"},"content":{"rendered":"<div class=\"video-container\"><iframe loading=\"lazy\" title=\"Invitation Smart - Bienvenue \u00e0 l&#039;assembl\u00e9e g\u00e9n\u00e9rale\" width=\"584\" height=\"329\" src=\"https:\/\/www.youtube.com\/embed\/D69t7GIJZu4?feature=oembed\" frameborder=\"0\" allow=\"accelerometer; autoplay; clipboard-write; encrypted-media; gyroscope; picture-in-picture; web-share\" referrerpolicy=\"strict-origin-when-cross-origin\" allowfullscreen><\/iframe><\/div>\n<p><strong>L\u2019assembl\u00e9e g\u00e9n\u00e9rale de notre coop\u00e9rative a eu lieu le 21 juin dernier.\u00a0<\/strong><\/p>\n<p><strong>En chair et en os&#8230; en sourires et en esprits vifs aussi! Vous \u00e9tiez l\u00e0 en nombre pour parler de votre activit\u00e9, et partager vos pratiques avec d&rsquo;autres soci\u00e9taires&#8230; pour \u00e9couter le futur de la coop, et grignoter des petites merveilles grill\u00e9es sal\u00e9es ou sucr\u00e9es ensemble. On s&rsquo;est balad\u00e9s en groupe dans les rues de Saint Gilles, on a parcouru la Brussels Art Factory&#8230; Le 21 juin, on a cogit\u00e9 ensemble, en construisant du sens ensemble, on a fait respirer la coop\u00e9rative ensemble. On a partag\u00e9 beaucoup d&rsquo;infos et de joie. Alors MERCI pour vos plus de mille votes, pour votre implication qui encourage tout le projet &amp; let\u2019s coop!<\/strong><\/p>\n<h3><strong>Quelques photos?<\/strong><\/h3>\n<div id=\"metaslider-id-37586\" style=\"max-width: 1200px;\" class=\"ml-slider-3-99-0 metaslider metaslider-flex metaslider-37586 ml-slider ms-theme-default nav-hidden\" role=\"region\" aria-label=\"Pics page Let&#039;s Coop 2022\" data-width=\"1200\">\n    <div id=\"metaslider_container_37586\">\n        <div id=\"metaslider_37586\" class=\"flexslider\">\n            <ul class='slides'>\n                <li style=\"display: block; width: 100%;\" class=\"slide-37587 ms-image \" aria-roledescription=\"slide\" data-date=\"2022-07-06 12:42:41\"><img loading=\"lazy\" decoding=\"async\" src=\"https:\/\/smartbe.be\/wp-content\/uploads\/2022\/07\/52183725461_ac938187be_o-1200x499.jpg\" height=\"499\" width=\"1200\" alt=\"\" class=\"slider-37586 slide-37587 msDefaultImage\" title=\"52183725461_ac938187be_o\" \/><\/li>\n                <li style=\"display: none; width: 100%;\" class=\"slide-37588 ms-image \" aria-roledescription=\"slide\" data-date=\"2022-07-06 12:42:58\"><img loading=\"lazy\" decoding=\"async\" src=\"https:\/\/smartbe.be\/wp-content\/uploads\/2022\/07\/52183733698_53b4ed2e57_o-1200x499.jpg\" height=\"499\" width=\"1200\" alt=\"\" class=\"slider-37586 slide-37588 msDefaultImage\" title=\"52183733698_53b4ed2e57_o\" \/><\/li>\n                <li style=\"display: none; width: 100%;\" class=\"slide-37589 ms-image \" aria-roledescription=\"slide\" data-date=\"2022-07-06 12:43:07\"><img loading=\"lazy\" decoding=\"async\" src=\"https:\/\/smartbe.be\/wp-content\/uploads\/2022\/07\/IMG_20220621_170731_3b-1000x415.jpg\" height=\"499\" width=\"1200\" alt=\"\" class=\"slider-37586 slide-37589 msDefaultImage\" title=\"IMG_20220621_170731_3(b)\" \/><\/li>\n                <li style=\"display: none; width: 100%;\" class=\"slide-37590 ms-image \" aria-roledescription=\"slide\" data-date=\"2022-07-06 12:43:15\"><img loading=\"lazy\" decoding=\"async\" src=\"https:\/\/smartbe.be\/wp-content\/uploads\/2022\/07\/IMG_2022-06-21-13-05-52-047b-1000x415.jpg\" height=\"499\" width=\"1200\" alt=\"\" class=\"slider-37586 slide-37590 msDefaultImage\" title=\"IMG_2022-06-21-13-05-52-047b\" \/><\/li>\n                <li style=\"display: none; width: 100%;\" class=\"slide-37591 ms-image \" aria-roledescription=\"slide\" data-date=\"2022-07-06 12:43:22\"><img loading=\"lazy\" decoding=\"async\" src=\"https:\/\/smartbe.be\/wp-content\/uploads\/2022\/07\/52183971644_116d79b775_c-799x332.jpg\" height=\"499\" width=\"1200\" alt=\"\" class=\"slider-37586 slide-37591 msDefaultImage\" title=\"52183971644_116d79b775_c\" \/><\/li>\n                <li style=\"display: none; width: 100%;\" class=\"slide-37592 ms-image \" aria-roledescription=\"slide\" data-date=\"2022-07-06 12:43:28\"><img loading=\"lazy\" decoding=\"async\" src=\"https:\/\/smartbe.be\/wp-content\/uploads\/2022\/07\/52183727216_4bc3ba634f_c-799x332.jpg\" height=\"499\" width=\"1200\" alt=\"\" class=\"slider-37586 slide-37592 msDefaultImage\" title=\"52183727216_4bc3ba634f_c\" \/><\/li>\n                <li style=\"display: none; width: 100%;\" class=\"slide-37593 ms-image \" aria-roledescription=\"slide\" data-date=\"2022-07-06 12:43:35\"><img loading=\"lazy\" decoding=\"async\" src=\"https:\/\/smartbe.be\/wp-content\/uploads\/2022\/07\/52184211225_c20c5fb603_c-799x332.jpg\" height=\"499\" width=\"1200\" alt=\"\" class=\"slider-37586 slide-37593 msDefaultImage\" title=\"52184211225_c20c5fb603_c\" \/><\/li>\n            <\/ul>\n        <\/div>\n        \n    <\/div>\n<\/div>\n<p>&nbsp;<\/p>\n<p><strong>Deux s\u00e9ries, dont les dessins vivants et v\u00e9cus par notre facilitatrice graphique<br \/>\nAude De Larivi\u00e8re<\/strong><\/p>\n<div class=\"video-container\"><a data-flickr-embed='true' href='https:\/\/www.flickr.com\/photos\/smartbe\/albums\/72177720299993835' title='AG 2022 - 21 juin - Illustrations by Smart cooperative, on Flickr'><img src='https:\/\/live.staticflickr.com\/65535\/52165053706_e328ffa21e.jpg' width='800' height='600' alt='Parfum de petit d\u00e9j&#039;'><\/a><script async src='https:\/\/embedr.flickr.com\/assets\/client-code.js' charset='utf-8'><\/script><\/div>\n<p><strong>Les galeries:<\/strong><br \/>\n<strong>1: <a href=\"https:\/\/www.flickr.com\/photos\/smartbe\/albums\/72177720299993835\">www.flickr.com\/photos\/smartbe\/albums\/72177720299993835<\/a><\/strong><br \/>\n<strong>2: <\/strong><a href=\"https:\/\/www.flickr.com\/photos\/smartbe\/albums\/72177720299993032\"><strong>www.flickr.com\/photos\/smartbe\/albums\/72177720299993032<\/strong><\/a><\/p>\n<h3><\/h3>\n<h3><strong>Les vid\u00e9os<\/strong><\/h3>\n<p><strong>Replay Youtube par s\u00e9quences:<br \/>\n<\/strong>&#8211; <a href=\"https:\/\/www.youtube.com\/watch?v=TQBiJ8Ry4Xs\">Keynote par Alex Bird &#8211; D\u00e9mocratie &amp; coop\u00e9rative<\/a><br \/>\n&#8211; <a href=\"https:\/\/www.youtube.com\/watch?v=KmpgxfcLDJY\">Pr. Tine De Moor, rapport d&rsquo;\u00e9tonnement: r\u00e9flexions sur cette journ\u00e9e par notre invit\u00e9e exceptionnelle<\/a><br \/>\n&#8211; Conf\u00e9rence &#8211; <a href=\"https:\/\/www.youtube.com\/watch?v=DLiP5r4F6SM\">Petites, moyennes ou grandes coop\u00e9ratives face \u00e0 la transition<\/a><br \/>\n&#8211; Conf\u00e9rence &#8211; <a href=\"https:\/\/www.youtube.com\/watch?v=xa1qSUIe1Uo\">Quand le travail transforme aussi ce qu&rsquo;il produit<\/a><br \/>\n&#8211; <a href=\"https:\/\/www.youtube.com\/watch?v=_MyiwHDP_GM\">Assembl\u00e9e g\u00e9n\u00e9rale SmartCoop et vote des soci\u00e9taires<\/a><\/p>\n<p><strong>La journ\u00e9e int\u00e9grale, 8 heures<\/strong><br \/>\n\u2013 <a href=\"https:\/\/www.youtube.com\/watch?v=TZf3mheyyVI\">Let\u2019s Coop en fran\u00e7ais<\/a><br \/>\n\u2013 <a href=\"https:\/\/www.youtube.com\/watch?v=msxvvjLGpTY\">Let\u2019s Coop in het Nederlands<\/a><br \/>\n\u2013 <a href=\"https:\/\/www.youtube.com\/watch?v=8RYDs1wJgEs\">Let\u2019s Coop in English<\/a><\/p>\n<p><strong>Replay int\u00e9gral sur Facebook, 8 heures<\/strong><br \/>\n&#8211; Let&rsquo;s Coop en fran\u00e7ais: <a href=\"https:\/\/fb.me\/e\/eAwJSqmyq\" target=\"_blank\" rel=\"noopener\">matin<\/a>\u00a0 +\u00a0 <a href=\"https:\/\/fb.me\/e\/1N5wQoY3R\" target=\"_blank\" rel=\"noopener\">apr\u00e8s-midi<\/a><\/p>\n<h3><strong>Acc\u00e8s rapides<\/strong><\/h3>\n<ul>\n<li><a href=\"https:\/\/smartbe.be\/wp-content\/uploads\/2022\/06\/SmartCoop_results_june2022.pptx-Lecture-seule-1.pdf\">Les r\u00e9sultats des votes<\/a><\/li>\n<li>11 ateliers th\u00e9matiques ont \u00e9t\u00e9 organis\u00e9s, chacun avec une prise de notes. <a href=\"https:\/\/pad.smartcoop.io\/s\/assembleegenerale2022#\">Ces notes sont toutes centralis\u00e9es sur: https:\/\/pad.smartcoop.io\/s\/assembleegenerale2022#<\/a><\/li>\n<li><a href=\"https:\/\/smartbe.be\/fr\/programme-assemblee-generale-smartcoop-2022\/\">Le programme complet du 21\/06, ateliers, conf\u00e9rences, personnes invit\u00e9es&#8230;<\/a><\/li>\n<li><a href=\"https:\/\/smartbe.be\/fr\/news\/candidature-ca-2022\/\">La liste des candidat\u00b7es qui se pr\u00e9sentaient aux \u00e9lections du conseil d\u2019administration<\/a><\/li>\n<li><a href=\"https:\/\/smartbe.be\/fr\/assemblee-generale-ordinaire-et-extraordinaire-2022-ordre-du-jour\/\">L\u2019ordre du jour de l\u2019assembl\u00e9e g\u00e9n\u00e9rale formelle, les d\u00e9cisions soumises au vote et les documents<\/a><\/li>\n<\/ul>\n<h3>L\u2019assembl\u00e9e g\u00e9n\u00e9rale, chacun\u00b7e la vit \u00e0 sa fa\u00e7on<\/h3>\n<p>Certain\u00b7es passent d\u2019atelier en atelier sans perdre une minute, tandis que d\u2019autres se pr\u00e9lassent au soleil un verre \u00e0 la main. Quelques-un\u00b7es choisissent de s\u2019asseoir \u00e0 la KOP pour une conf\u00e9rence et n\u2019en d\u00e9collent plus jusqu\u2019au soir. Puis d\u2019autres profitent de l\u2019occasion pour papoter avec des ancien\u00b7nes connaissances plus vu\u00b7es depuis longtemps. Il y en a qui repassent six fois au barbecue et puis d\u2019autres pour qui \u201cassembl\u00e9e\u201d rime avec s\u00e9rieux, une assembl\u00e9e g\u00e9n\u00e9rale formelle o\u00f9 chaque soci\u00e9taire peut s\u2019informer et voter. Enfin, certain\u00b7es la vivent \u00e0 distance, derri\u00e8re leur \u00e9cran, en suivant les lives retransmis toute la journ\u00e9e. Une chose est s\u00fbre: vivre une assembl\u00e9e g\u00e9n\u00e9rale, c\u2019est participer \u00e0 la vie de notre coop\u00e9rative.<\/p>\n<h3><strong>Le programme, en un coup d\u2019oeil<\/strong><\/h3>\n<ul>\n<li>\u00c0 partir de 9h, c&rsquo;\u00e9tait petit d\u00e9jeuner, keynote \u2018D\u00e9mocratie &amp; coop\u00e9rative\u2019, grand brise-glace\u2026 et une trentaine d\u2019autres ateliers<\/li>\n<li>12h-14h, \u00e0 taaable!, l\u2019heure du barbecue<\/li>\n<li>14h, des ateliers, des conf\u00e9rences: Conseiller\u00b7e, un m\u00e9tier \u00e0 repenser, L&rsquo;art de faire une pause au travail, Se former pour mieux coop\u00e9rer\u2026<\/li>\n<li>15h30, le regard de nos grands t\u00e9moins sur la journ\u00e9e<\/li>\n<li>16h15, l\u2019assembl\u00e9e g\u00e9n\u00e9rale formelle, on y a parl\u00e9 de 2021, des comptes, du bilan mais aussi de l\u2019avenir et du renouvellement du conseil d\u2019administration<\/li>\n<li>18h15, r\u00e9sultats des votes, puis ap\u00e9ro, hot dog &amp; hot veggies, music &amp; let\u2019s dance!<\/li>\n<\/ul>\n<p>Mais aussi de la s\u00e9rigraphie, du sprot (oui, oui, on a bien dit du sprot, presque comme le sport mais plus funky), des livres, des sorbets, bref de tout, pour les go\u00fbts de toutes et tous, et toute la journ\u00e9e!<\/p>\n<h3>Vous avez vot\u00e9!<\/h3>\n<p>Chaque soci\u00e9taire de la coop\u00e9rative dispose d\u2019un droit de vote (une personne = une voix). Le vote est \u00e9lectronique et \u00e9tait ouvert jusqu&rsquo;au 21 juin 17h30. Tous les soci\u00e9taires ont re\u00e7u un mail avec un lien pour se connecter \u00e0 l&rsquo;interface de vote. \u00a0Nouveaut\u00e9 cette ann\u00e9e: il \u00e9tait \u00e9galement possible de voter depuis votre compte Smart.<\/p>\n<h3>Pour vous informer<\/h3>\n<ul>\n<li>En amont de l&rsquo;AG, il y eut:\n<ul>\n<li>Atelier sur les chiffres de l\u2019ann\u00e9e 2021 le jeudi 9 juin de 10h \u00e0 11h30 (en fran\u00e7ais) et de 14h \u00e0 15h30 (en n\u00e9erlandais)<\/li>\n<li>Atelier sur la strat\u00e9gie de d\u00e9veloppement international de Smart le mardi 14 juin de 14h \u00e0 15h30.<\/li>\n<\/ul>\n<\/li>\n<li><a href=\"https:\/\/smartbe.be\/fr\/news\/candidature-ca-2022\/\" rel=\"noopener\">Liste des candidat\u00b7es aux \u00e9lections du conseil d\u2019administration<\/a><\/li>\n<li><a href=\"https:\/\/smartbe.be\/fr\/assemblee-generale-ordinaire-et-extraordinaire-2022-ordre-du-jour\/\" rel=\"noopener\">R\u00e9solutions qui ont \u00e9t\u00e9 soumises au vote, et documents d\u2019information<\/a><\/li>\n<\/ul>\n<p>&nbsp;<\/p>\n<p>Une question? Une suggestion? Contactez-nous par mail \u00e0 l\u2019adresse: <a href=\"mailto:&#x6c;&#x65;&#x74;&#x73;&#x63;&#x6f;&#x6f;&#x70;&#x40;&#x73;&#x6d;&#x61;&#x72;&#x74;&#x2e;&#x63;&#x6f;&#x6f;&#x70;\">&#x6c;&#x65;&#x74;&#x73;&#x63;&#x6f;&#x6f;&#x70;&#x40;<span class=\"oe_displaynone\">null<\/span>&#x73;&#x6d;&#x61;&#x72;&#x74;&#x2e;&#x63;&#x6f;&#x6f;&#x70;<\/a><\/p>\n<p><strong>#Letscoop2022<\/strong><\/p>","protected":false},"excerpt":{"rendered":"<p>L\u2019assembl\u00e9e g\u00e9n\u00e9rale de notre coop\u00e9rative a eu lieu le 21 juin dernier.\u00a0 En chair et en os&#8230; en sourires et en esprits vifs aussi! Vous \u00e9tiez l\u00e0 en nombre pour parler de votre activit\u00e9, et partager vos pratiques avec d&rsquo;autres &hellip;<\/p>\n","protected":false},"author":54,"featured_media":0,"parent":0,"menu_order":0,"comment_status":"closed","ping_status":"closed","template":"","meta":{"footnotes":""},"tags":[],"class_list":["post-37096","page","type-page","status-publish","hentry"],"aioseo_notices":[],"_links":{"self":[{"href":"https:\/\/smartbe.be\/fr\/wp-json\/wp\/v2\/pages\/37096","targetHints":{"allow":["GET"]}}],"collection":[{"href":"https:\/\/smartbe.be\/fr\/wp-json\/wp\/v2\/pages"}],"about":[{"href":"https:\/\/smartbe.be\/fr\/wp-json\/wp\/v2\/types\/page"}],"author":[{"embeddable":true,"href":"https:\/\/smartbe.be\/fr\/wp-json\/wp\/v2\/users\/54"}],"replies":[{"embeddable":true,"href":"https:\/\/smartbe.be\/fr\/wp-json\/wp\/v2\/comments?post=37096"}],"version-history":[{"count":32,"href":"https:\/\/smartbe.be\/fr\/wp-json\/wp\/v2\/pages\/37096\/revisions"}],"predecessor-version":[{"id":37605,"href":"https:\/\/smartbe.be\/fr\/wp-json\/wp\/v2\/pages\/37096\/revisions\/37605"}],"wp:attachment":[{"href":"https:\/\/smartbe.be\/fr\/wp-json\/wp\/v2\/media?parent=37096"}],"wp:term":[{"taxonomy":"post_tag","embeddable":true,"href":"https:\/\/smartbe.be\/fr\/wp-json\/wp\/v2\/tags?post=37096"}],"curies":[{"name":"wp","href":"https:\/\/api.w.org\/{rel}","templated":true}]}}