
{"id":28878,"date":"2019-11-06T10:16:41","date_gmt":"2019-11-06T09:16:41","guid":{"rendered":"https:\/\/smartbe.be\/?page_id=28878"},"modified":"2020-04-14T11:04:29","modified_gmt":"2020-04-14T10:04:29","slug":"espaces-partages-tiers-lieux%e2%80%af-les-espaces-de-travail","status":"publish","type":"page","link":"https:\/\/smartbe.be\/fr\/la-cooperative-2\/smart-progress\/groupes-de-travail-2019-2020\/espaces-partages-tiers-lieux%e2%80%af-les-espaces-de-travail\/","title":{"rendered":"Espaces partag\u00e9s, tiers-lieux\u202f: les espaces de travail"},"content":{"rendered":"<h2>Contexte<\/h2>\n<p>Ces derni\u00e8res ann\u00e9es, notre coop\u00e9rative a d\u00e9velopp\u00e9 une offre d\u2019espaces de travail partag\u00e9s afin de r\u00e9pondre \u00e0 une demande croissante des soci\u00e9taires. Ces lieux de mise en r\u00e9seau d\u2019acteurs et d\u2019actrices permettent aux utilisatrices et utilisateurs de b\u00e9n\u00e9ficier notamment d\u2019espaces de travail \u00e0 moindre co\u00fbt gr\u00e2ce aux effets de la mutualisation.<\/p>\n<p>Aujourd\u2019hui, Smart g\u00e8re ou s\u2019implique dans une dizaine d\u2019espaces de travail partag\u00e9s\u202fen France et en Belgique. L\u2019implication de Smart dans ces lieux r\u00e9pond \u00e0 un triple besoin\u202fdes soci\u00e9taires : disposer d\u2019un espace de travail, briser son isolement, g\u00e9n\u00e9rer rencontres et \u00e9mulation afin de renforcer les activit\u00e9s \u00e9conomiques.<\/p>\n<h2>\u00c9tat de la r\u00e9flexion au sein du groupe Smart<\/h2>\n<p>Le th\u00e8me \u00ab\u202fEspaces partag\u00e9s, tiers-lieux\u202f: les espaces de travail\u202f\u00bb a \u00e9t\u00e9 pl\u00e9biscit\u00e9 par l\u2019Assembl\u00e9e g\u00e9n\u00e9rale 2019 sur base de la question suivante\u202f: Travailler \u00e0 mon domicile, dans un espace de coworking ou louer un local avec d\u2019autres personnes\u2026 comment Smart peut r\u00e9pondre \u00e0 ces besoins\u202f?<br \/>\nPar ailleurs, Smart a rep\u00e9r\u00e9 le besoin des soci\u00e9taires de pouvoir \u00eatre mobiles au-del\u00e0 des fronti\u00e8res en tant que travailleurs et travailleuses, mais \u00e9galement pour leur projet\u202f: conf\u00e9rence, exposition, projections de films, etc. Smart travaille \u00e0 la cr\u00e9ation d\u2019un r\u00e9seau de tiers-lieux qui permettrait la circulation des personnes et des projets \u00e0 travers l\u2019Europe.<\/p>\n<h2>Objectifs de r\u00e9flexion du groupe de travail<\/h2>\n<p>Le groupe de travail est appel\u00e9 \u00e0 r\u00e9fl\u00e9chir au r\u00f4le que Smart et ses soci\u00e9taires jouent dans la cr\u00e9ation, et l\u2019animation de lieux de travail partag\u00e9s. Actuellement, Smart s\u2019est impliqu\u00e9e de trois mani\u00e8res diff\u00e9rentes\u202f: soit la conception et la gestion de lieux (cas de LaVall\u00e9e ou de la Brussels Art Factory (BAF \u00e0 Bruxelles) ; soit un apport en termes d&rsquo;ing\u00e9nierie et de financement dans des lieux port\u00e9s par des partenaires ; enfin, dernier positionnement : Smart et ses soci\u00e9taires utilisent et animent des espaces partag\u00e9s g\u00e9r\u00e9s par des tiers.<\/p>\n<h2>Questions-clefs<\/h2>\n<p>Les questions-clefs devront \u00eatre d\u00e9finies par le groupe de travail, en fonction du d\u00e9veloppement et des avancements des r\u00e9flexions. N\u00e9anmoins \u00e0 titre d\u2019inspiration, voici quelques suggestions\u202f:<\/p>\n<ul>\n<li>quels types de services sont fournis au sein des lieux partag\u00e9s dans lesquels Smart est impliqu\u00e9e\u202f? \u00c0 titre d\u2019exemple : accompagnement, permanences pour les utilisateurs et utilisatrices Smart, pr\u00e9sence d\u2019une \u00e9quipe de conseiller\u2219es, vitrine des projets des locataires, animation et programmation propre au lieu, etc.<\/li>\n<li>Smart doit-elle limiter l\u2019acc\u00e8s des lieux qu&rsquo;elle con\u00e7oit et g\u00e8re aux seul\u2219es soci\u00e9taires Smart ? Ou est-il pr\u00e9f\u00e9rable qu\u2019elle ouvre ces lieux \u00e0 d\u2019autres communaut\u00e9s afin de renforcer l\u2019\u00e9cosyst\u00e8me \u00e9conomique ?<\/li>\n<li>quel est le r\u00f4le de Smart dans l\u2019animation de tels lieux\u202f? Doit-elle \u00eatre au c\u0153ur de cette animation ou laisser la communaut\u00e9 s\u2019auto-g\u00e9rer ?<\/li>\n<li>quel est l\u2019int\u00e9r\u00eat d\u2019un r\u00e9seau de tiers-lieux accessible \u00e0 tou\u2219tes soci\u00e9taires de Smart en Europe en termes de mobilit\u00e9 des travailleurs et travailleuses, mais aussi comme canal de diffusion de leurs projets\u202f?<\/li>\n<li>entre espaces partag\u00e9s, simples lieux partag\u00e9s par des travailleurs et travailleuses, et tiers-lieux ouverts sur leur quartier et l\u2019ext\u00e9rieur avec une animation et une programmation, il existe des typologies diff\u00e9rentes de lieux : quels doivent \u00eatre les mod\u00e8les d\u00e9fendus par Smart quand elle con\u00e7oit ou s\u2019implique dans un projet ?<\/li>\n<\/ul>\n<p><a href=\"https:\/\/smartbe.be\/wp-content\/uploads\/2019\/11\/fleche-01.png\"><img loading=\"lazy\" decoding=\"async\" class=\"alignnone size-full wp-image-28846\" src=\"https:\/\/smartbe.be\/wp-content\/uploads\/2019\/11\/fleche-01.png\" alt=\"\" width=\"142\" height=\"13\" \/><\/a><a href=\"https:\/\/forms.office.com\/Pages\/ResponsePage.aspx?id=TEzYTCFpjUir0MT6deXQOZv5laWiqUdJmwi7nC2i7bhUMEdQOUNXN1JaRVM4NFBGN0JXSzlNRjZCWC4u\" target=\"_blank\" rel=\"noopener noreferrer\">Je participe<\/a><\/p>\n<h2>Des questions?<\/h2>\n<p><strong><a href=\"mailto:&#x73;&#x6d;&#x61;&#x72;&#x74;&#x69;&#x6e;&#x70;&#x72;&#x6f;&#x67;&#x72;&#x65;&#x73;&#x73;&#x40;&#x73;&#x6d;&#x61;&#x72;&#x74;&#x2e;&#x63;&#x6f;&#x6f;&#x70;\">&#x73;&#x6d;&#x61;&#x72;&#x74;&#x69;&#x6e;&#x70;&#x72;&#x6f;&#x67;&#x72;&#x65;&#x73;&#x73;&#x40;<span class=\"oe_displaynone\">null<\/span>&#x73;&#x6d;&#x61;&#x72;&#x74;&#x2e;&#x63;&#x6f;&#x6f;&#x70;<\/a><\/strong><\/p>\n<h2>Consultez les enjeux et les travaux attendus des autres groupes de travail<\/h2>\n<p><a href=\"https:\/\/smartbe.be\/fr\/la-cooperative-2\/smart-progress\/groupes-de-travail-2019-2020\/penser-et-agir-pour-legalite\/\" target=\"_blank\" rel=\"noopener noreferrer\">&gt; Penser et agir pour l\u2019\u00e9galit\u00e9<\/a><\/p>\n<p><a href=\"https:\/\/smartbe.be\/fr\/la-cooperative-2\/smart-progress\/groupes-de-travail-2019-2020\/consolider-mon-activite\/\" target=\"_blank\" rel=\"noopener noreferrer\">&gt; Consolider mon activit\u00e9<\/a><\/p>\n<p>&nbsp;<\/p>","protected":false},"excerpt":{"rendered":"<p>Contexte Ces derni\u00e8res ann\u00e9es, notre coop\u00e9rative a d\u00e9velopp\u00e9 une offre d\u2019espaces de travail partag\u00e9s afin de r\u00e9pondre \u00e0 une demande croissante des soci\u00e9taires. Ces lieux de mise en r\u00e9seau d\u2019acteurs et d\u2019actrices permettent aux utilisatrices et utilisateurs de b\u00e9n\u00e9ficier notamment &hellip;<\/p>\n","protected":false},"author":66,"featured_media":0,"parent":28843,"menu_order":0,"comment_status":"closed","ping_status":"closed","template":"","meta":{"footnotes":""},"tags":[],"class_list":["post-28878","page","type-page","status-publish","hentry"],"aioseo_notices":[],"_links":{"self":[{"href":"https:\/\/smartbe.be\/fr\/wp-json\/wp\/v2\/pages\/28878","targetHints":{"allow":["GET"]}}],"collection":[{"href":"https:\/\/smartbe.be\/fr\/wp-json\/wp\/v2\/pages"}],"about":[{"href":"https:\/\/smartbe.be\/fr\/wp-json\/wp\/v2\/types\/page"}],"author":[{"embeddable":true,"href":"https:\/\/smartbe.be\/fr\/wp-json\/wp\/v2\/users\/66"}],"replies":[{"embeddable":true,"href":"https:\/\/smartbe.be\/fr\/wp-json\/wp\/v2\/comments?post=28878"}],"version-history":[{"count":9,"href":"https:\/\/smartbe.be\/fr\/wp-json\/wp\/v2\/pages\/28878\/revisions"}],"predecessor-version":[{"id":30676,"href":"https:\/\/smartbe.be\/fr\/wp-json\/wp\/v2\/pages\/28878\/revisions\/30676"}],"up":[{"embeddable":true,"href":"https:\/\/smartbe.be\/fr\/wp-json\/wp\/v2\/pages\/28843"}],"wp:attachment":[{"href":"https:\/\/smartbe.be\/fr\/wp-json\/wp\/v2\/media?parent=28878"}],"wp:term":[{"taxonomy":"post_tag","embeddable":true,"href":"https:\/\/smartbe.be\/fr\/wp-json\/wp\/v2\/tags?post=28878"}],"curies":[{"name":"wp","href":"https:\/\/api.w.org\/{rel}","templated":true}]}}