
{"id":23029,"date":"2018-05-20T14:20:11","date_gmt":"2018-05-20T13:20:11","guid":{"rendered":"http:\/\/smartbe.be\/?page_id=23029\/"},"modified":"2018-06-15T10:42:04","modified_gmt":"2018-06-15T09:42:04","slug":"programme-complet-assemblee-generale-2018","status":"publish","type":"page","link":"https:\/\/smartbe.be\/fr\/programme-complet-assemblee-generale-2018\/","title":{"rendered":"Programme complet &#8211; Assembl\u00e9e G\u00e9n\u00e9rale 2018"},"content":{"rendered":"<h2><strong>PROGRAMME<\/strong>\u00a0 du 19 juin (FR\/EN)<\/h2>\n<h3><a href=\"https:\/\/www.eventbrite.fr\/e\/lets-coop-2018-tickets-46140114324\"><strong>Inscrivez-vous\u00a0!\/<\/strong><\/a><a href=\"https:\/\/www.eventbrite.fr\/e\/lets-coop-2018-tickets-46140114324\">Please register here<\/a><\/h3>\n<h3><a href=\"https:\/\/smartbe.be\/wordpress\/..\/wp-content\/uploads\/2018\/05\/Programme_4p.pdf\">T\u00e9l\u00e9chargez le programme en pdf<\/a>\/<a href=\"https:\/\/smartbe.be\/wordpress\/..\/wp-content\/uploads\/2018\/05\/Programme_4p.pdf\">Download the program in pdf<\/a><\/h3>\n<p><strong><br \/>\n9:15 &#8211; 9:30\u00a0<\/strong>\u00a0\u00a0\u00a0<strong>\u00a0\u00a0\u00a0\u00a0\u00a0\u00a0\u00a0\u00a0\u00a0\u00a0\u00a0\u00a0\u00a0\u00a0\u00a0\u00a0\u00a0\u00a0\u00a0\u00a0\u00a0\u00a0 <\/strong><\/p>\n<p><strong>Accueil par <a href=\"https:\/\/smartbe.be\/fr\/news\/intervenant-ag-2018\/sandrino-graceffa\/\"><em>Sandrino Graceffa<\/em><\/a> (Smart, administrateur d\u00e9l\u00e9gu\u00e9)<br \/>\n<\/strong><strong>Welcoming message by<a href=\"https:\/\/smartbe.be\/fr\/news\/intervenant-ag-2018\/sandrino-graceffa\/\"><em> Sandrino Graceffa<\/em><\/a> (CEO Smart)<\/strong><\/p>\n<p><strong>9:30 &#8211; 10:00\u00a0\u00a0\u00a0\u00a0\u00a0\u00a0\u00a0\u00a0\u00a0\u00a0\u00a0\u00a0\u00a0\u00a0\u00a0\u00a0\u00a0\u00a0\u00a0\u00a0\u00a0\u00a0\u00a0\u00a0 <\/strong><\/p>\n<p><strong>Keynote<br \/>\nPar\/by\u00a0\u00a0<a href=\"https:\/\/smartbe.be\/fr\/news\/intervenant-ag-2018\/isabelle-ferreras\/\"><em>Isabelle Ferreras<\/em><\/a> (ULouvain)<\/strong><\/p>\n<p><strong>10:30 &#8211; 11:45\u00a0 \u00a0 \u00a0 \u00a0 \u00a0\u00a0<\/strong><\/p>\n<p><strong>LOCAL COOP :<br \/>\n<\/strong><strong> L\u2019\u00e8re de la coop\u00e9ration, des initiatives d\u2019organisation et de production<br \/>\n<\/strong><strong>The cooperation era: some initiatives concerning production and organisation<br \/>\n<\/strong><\/p>\n<p>Avec\/ with\u00a0<a href=\"https:\/\/smartbe.be\/fr\/news\/intervenant-ag-2018\/martin-coiffier\/\"><em>Martin Coiffier<\/em><\/a> (Brussels Art Factory), <a href=\"https:\/\/smartbe.be\/fr\/news\/intervenant-ag-2018\/antoine-dutrieu\/\"><em>Antoine Dutrieu<\/em><\/a> (Communa), <a href=\"https:\/\/smartbe.be\/fr\/news\/intervenant-ag-2018\/gilles-pinault\/\"><em>Gilles Pinault<\/em><\/a> (Micro Factory)<br \/>\nMod\u00e9ratrice \/moderator :\u00a0<a href=\"https:\/\/smartbe.be\/fr\/news\/intervenant-ag-2018\/aude-garelly\/\"><em>Aude Garelly<\/em><\/a> (consultante politiques publiques\/consultant public policies)<\/p>\n<p>\u00c0 l&rsquo;heure du tout plan\u00e9taire et du tout num\u00e9rique, la coop\u00e9ration est aussi affaire de proximit\u00e9 g\u00e9ographique et de dynamisation des initiatives locales. Trois exemples bruxellois (Communa- occupation de b\u00e2timents inoccup\u00e9s, Micro Factory- atelier collectif de fabrication et le photographe Martin Coiffier- r\u00e9sident \u00e0 la Brussels Art Factory) d\u00e9montrent que la coop\u00e9ration peut \u00eatre un moteur pour l&#8217;emploi, pour la cr\u00e9ation, et pour l&rsquo;\u00e9mergence de communaut\u00e9s solidaires.<\/p>\n<p>When everything in life can be found on the internet, local initiatives and real human contact are the new oil. Three Brussels examples (Communa-reuse of abandoned buildings, Micro factory- participatory fablab and Martin Coiffier- photographer, member of the Brussels Art Factory) show that cooperation is a stimulator for jobs, creations and for the rise of solidary communities.<\/p>\n<p><strong>12:00 &#8211; 13:15\u00a0\u00a0<\/strong>\u00a0\u00a0\u00a0\u00a0\u00a0<strong>\u00a0\u00a0\u00a0\u00a0\u00a0\u00a0\u00a0\u00a0\u00a0\u00a0\u00a0\u00a0\u00a0\u00a0 <\/strong><\/p>\n<p><strong>DIGITAL COOP :<br \/>\n<\/strong><strong>\u00c9conomie num\u00e9rique, coop\u00e9rative et Europe<br \/>\n<\/strong><strong>The digital economy, coops and Europe<br \/>\n<\/strong><\/p>\n<p>Avec\/ with\u00a0<a href=\"https:\/\/smartbe.be\/fr\/news\/intervenant-ag-2018\/arnaud-breuil\/\"><em>Arnaud Breuil<\/em><\/a> (UP Coop\u00e9rative), <a href=\"https:\/\/smartbe.be\/fr\/news\/intervenant-ag-2018\/jacques-debry\/\"><em>Jacques Debry<\/em><\/a> (Febecoop), <a href=\"https:\/\/smartbe.be\/fr\/news\/intervenant-ag-2018\/diana-dovgan\/\"><em>Diana Dovgan<\/em> <\/a>(CECOP) et <a href=\"https:\/\/smartbe.be\/fr\/news\/intervenant-ag-2018\/sandrino-graceffa\/\"><em>Sandrino Graceffa<\/em><\/a> (Smart)<br \/>\nMod\u00e9rateur<em>\/ moderator\u00a0<\/em> : <a href=\"https:\/\/smartbe.be\/fr\/news\/intervenant-ag-2018\/denis-stokkink\/\"><em>Denis Stokkink<\/em><\/a> (Pour La Solidarit\u00e9)<\/p>\n<p>Midi PLS &#8211; L\u2019\u00e9conomie num\u00e9rique est aujourd\u2019hui domin\u00e9e par l\u2019\u00e9conomie lib\u00e9rale et cette domination refl\u00e8te la pr\u00e9carit\u00e9 des travailleurs du secteur. En parall\u00e8le, on constate en Europe une mont\u00e9e en puissance des coop\u00e9ratives qui repr\u00e9sentent une alternative r\u00e9elle aux entreprises capitalistes. C&rsquo;est autour de ces sujets que Pour La Solidarit\u00e9 (PLS) vous propose de d\u00e9battre.<\/p>\n<p>The digital economy is dominated by the liberal economy. The immediate consequence is the precarization of her workers. In parallel, coops are gaining ground as real alternatives. The European think tank PLS (Pour la solidarit\u00e9) invite you to discuss those topics.<\/p>\n<p><strong>14:00 &#8211; 15:15\u00a0<\/strong>\u00a0\u00a0\u00a0\u00a0<strong>\u00a0\u00a0\u00a0\u00a0\u00a0\u00a0\u00a0\u00a0\u00a0\u00a0\u00a0\u00a0\u00a0\u00a0\u00a0\u00a0 <\/strong><\/p>\n<p><strong>GLOBAL COOP :<br \/>\n<\/strong><strong>D\u00e9bat sur des mod\u00e8les internationaux inspirants de coop\u00e9ration<br \/>\nInternational debate on inspiring models of cooperation<\/strong><\/p>\n<p>Avec\/ with\u00a0<em><a href=\"https:\/\/smartbe.be\/fr\/news\/intervenant-ag-2018\/agnes-dupriez\/\">Agn\u00e8s Dupriez<\/a> (<\/em>Desjardins, CA<em>), <a href=\"https:\/\/smartbe.be\/fr\/news\/intervenant-ag-2018\/esteban-kelly\/\">Esteban Kelly<\/a> (<\/em>US Federation of Worker Cooperatives<em>), <a href=\"https:\/\/smartbe.be\/fr\/news\/intervenant-ag-2018\/mark-hooper\/\">Mark Hooper<\/a> (<\/em>Indycube, UK<em>) &amp; <a href=\"https:\/\/smartbe.be\/fr\/news\/intervenant-ag-2018\/john-restakis\/\">John Restakis<\/a> (<\/em>author \u00ab\u00a0Humanizing the economy, cooperatives in the Age of Capital\u00a0\u00bb<em>)<br \/>\n<\/em>Mod\u00e9ratrice\/ moderator :<em>\u00a0<a href=\"https:\/\/smartbe.be\/fr\/news\/intervenant-ag-2018\/stephanie-guico\/\">St\u00e9phanie Guico<\/a> <\/em>(consultante en d\u00e9veloppement coop\u00e9ratif)<\/p>\n<p>La coop\u00e9ration ne se limite ni aux collectifs de taille moyenne, ni \u00e0 la volont\u00e9 de quelques activistes dans les secteurs sociaux ou cr\u00e9atifs: nous avons invit\u00e9 des organisations de grande ampleur, au sein desquelles la coop\u00e9ration et la participation sont toujours au centre de leurs valeurs.<\/p>\n<p>Cooperation is not limited to small\u00a0 collectives and the goodwill of some idealistic individuals. We invited some large scaled-up examples in the financial and labour sector,\u00a0 from over the ocean and the UK , where cooperation and participation are still keywords in their set of values.<\/p>\n<p><strong>15:30 &#8211; 15:45<br \/>\n<\/strong><strong>Grand t\u00e9moin:\u00a0<\/strong><em>Paul Hermant\u00a0<\/em><\/p>\n<p><strong>16:00 &#8211; 18:00<br \/>\n<\/strong><strong>Assembl\u00e9e g\u00e9n\u00e9rale ordinaire<br \/>\n<\/strong><strong>Ordinary General Assembly<br \/>\n<\/strong><\/p>\n<p>&nbsp;<\/p>\n<h2><strong>PROGRAMME des workshops, tables rondes et networking\/<br \/>\n<\/strong><strong>PROGRAMMA van de workshops &amp; de netwerkmomenten<\/strong><\/h2>\n<p><strong>10:00 &#8211; 11:00<\/strong><br \/>\n<strong>Les chiffres Smart pour les nuls (Info Smart FR)<br \/>\n<\/strong><em>Avec<a href=\"https:\/\/smartbe.be\/fr\/news\/intervenant-ag-2018\/leo-caglar\/\"> L\u00e9o Caglar<\/a> (Smart)<\/em><\/p>\n<p>Pr\u00e9sentation du mod\u00e8le \u00e9conomique de Smart et des chiffres 2017, suivie d&rsquo;une s\u00e9ance de questions-r\u00e9ponses: financement, d\u00e9penses, situation financi\u00e8re actuelle.<\/p>\n<p><strong>10:00 &#8211; 10:45<\/strong><br \/>\n<strong>De Smart-cijfers voor dummies (Info Smart NL)<br \/>\n<\/strong>Met <a href=\"https:\/\/smartbe.be\/nl\/news\/intervenant-ag-2018\/thomas-blondeel\/\"><em>Thomas Blondeel<\/em><\/a> (Smart)<\/p>\n<p>Duiding bij het economische model van Smart: financiering, uitgaven en de huidige financi\u00eble situatie. Presentatie van de cijfers van 2017 en Q &amp; A.<\/p>\n<p><strong>10:00-11:00<br \/>\n<\/strong><strong>Collaborer, un jeu d\u2019enfant. Approche ludique et artistique de la coop\u00e9ration (Workshop FR)<br \/>\n<\/strong><em>Avec <a href=\"https:\/\/smartbe.be\/fr\/news\/intervenant-ag-2018\/virginie-tacq\/\">Virginie Tacq<\/a><\/em> (Ludilab)<\/p>\n<p>Explorez un processus ludique afin de cocr\u00e9er un projet artistique. Pas besoin de talent particulier, amenez vos m\u00e9ninges et votre bonne humeur !<\/p>\n<p><strong>10:15 &#8211; 11:15<br \/>\n<\/strong><strong>Quel programme de formation Smart \u00e0 destination des soci\u00e9taires de la coop\u00e9rative ? (Workshop FR)<br \/>\n<\/strong>Avec <em>Virginie Lejeune<\/em>,\u00a0<em><a href=\"https:\/\/smartbe.be\/fr\/news\/intervenant-ag-2018\/thierry-plantegenet\/\">Thierry Plantegenet<\/a> et\u00a0Perrine Pautr\u00e9\u00a0<\/em>(Smart)<\/p>\n<p>Envie d&rsquo;am\u00e9liorer vos comp\u00e9tences entrepreneuriales et personnelles ? Venez d\u00e9couvrir et \u00e9changer autour du plan de formation Smart 2018-2020.<\/p>\n<p><strong>10:30 &#8211; 12:00<\/strong><br \/>\n<strong>L&rsquo;impact social et Smart (Workshop FR)<br \/>\n<\/strong>Animation : <a href=\"https:\/\/smartbe.be\/fr\/news\/intervenant-ag-2018\/sebastien-paule\/\"><em>S\u00e9bastien Paule<\/em><\/a> (Smart) et\u00a0Joanne Clotuche (Saw-B)<\/p>\n<p>SMart souhaite \u00e9valuer son impact social au regard des finalit\u00e9s d\u00e9finies par ses statuts: \u00c0 quoi sert la structure? Qu&rsquo;apporte-t-elle \u00e0 ses parties prenantes, \u00e0 la soci\u00e9t\u00e9? Quels indicateurs choisir? Venez d\u00e9battre et apporter votre contribution \u00e0 cette r\u00e9flexion!<\/p>\n<p><strong>10:30 &#8211; 12:00<\/strong><br \/>\n<strong>Plateforme coop\u00e9rative. Le cas des livreurs \u00e0 v\u00e9lo (Workshop FR)<br \/>\n<\/strong>Avec <a href=\"https:\/\/smartbe.be\/fr\/news\/intervenant-ag-2018\/philippe-lovens\/\"><em>Philippe Lovens<\/em><\/a> (Urbike), <a href=\"https:\/\/smartbe.be\/fr\/news\/intervenant-ag-2018\/serge-mignonsin\/\"><em>Serge Mignonsin<\/em><\/a> (Rayon 9), <a href=\"https:\/\/smartbe.be\/fr\/news\/intervenant-ag-2018\/lorenzo-mathis\/\">Lorenzo Mathis<\/a> &amp; <a href=\"https:\/\/smartbe.be\/fr\/news\/intervenant-ag-2018\/kevin-poperl\/\">K\u00e9vin Poperl<\/a> (Coopcycle),\u00a0<a href=\"https:\/\/smartbe.be\/fr\/news\/intervenant-ag-2018\/sacha-conchin\/\">Sacha Conchin<\/a>\u00a0&amp; <a href=\"https:\/\/smartbe.be\/fr\/news\/intervenant-ag-2018\/arnould-raphael\/\">Rapha\u00ebl Arnould<\/a>\u00a0(Molenbike).<br \/>\nMod\u00e9ratrice : <a href=\"https:\/\/smartbe.be\/fr\/news\/intervenant-ag-2018\/lieza-dessein\/\"><em>Lieza Dessein<\/em><\/a> (Smart)<\/p>\n<p>Pr\u00e9sentation du dossier Smart\/Deliveroo et d&rsquo;initiatives belges de plateformes de livraison \u00e0 v\u00e9lo \u00e9thiques.Venez d\u00e9couvrir leur projet, leurs d\u00e9fis et \u00e9changez avec elles.<\/p>\n<p><strong>10:30 &#8211; 12:00<\/strong><br \/>\n<strong>Les Communs s&rsquo;organisent. \u00c9tat des lieux (D\u00e9bat FR)<br \/>\n<\/strong>Avec <a href=\"https:\/\/smartbe.be\/fr\/news\/intervenant-ag-2018\/michel-bauwens\/\">Michel Bauwens<\/a> (P2P Foundation), <em>Benjamin Coriat<\/em> (Coop des communs), <a href=\"https:\/\/smartbe.be\/fr\/news\/intervenant-ag-2018\/nicole-alix\/\"><em>Nicole Alix<\/em><\/a> (Co-Communs), <a href=\"https:\/\/smartbe.be\/fr\/news\/intervenant-ag-2018\/guilherme-serodio\/\"><em>Guilherme Serodio<\/em><\/a> (We brussels\/DIEM25).<br \/>\nMod\u00e9ratrice : <a href=\"https:\/\/smartbe.be\/fr\/news\/intervenant-ag-2018\/noemie-de-grenier\/\"><em>No\u00e9mie de Grenier<\/em><\/a> (Coopaname)<\/p>\n<p>Pr\u00e9sentation d&rsquo;initiatives qui soutiennent les Communs et auxquelles Smart participe de pr\u00e8s ou de loin. Venez les d\u00e9couvrir, et qui sait, vous engager ?<\/p>\n<p><strong>11:00 &#8211; 12:30<\/strong><br \/>\n<strong>Een collectief opstarten: What\u2019s in it for me? (Workshop NL)<br \/>\n<\/strong><em>Met Tinne Lommers<\/em> (Smart)<\/p>\n<p>Wat zegt jullie het woord \u2018(een) collectief\u2019? Aan de hand van de antwoorden, stellen we een mindmap op\u00a0en defini\u00ebren we hoe we een collectief kunnen animeren.<\/p>\n<p><strong>11:30-12:30<br \/>\n<\/strong><strong>Collaborer, un jeu d\u2019enfant. Approche ludique et artistique de la coop\u00e9ration(Workshop FR)<br \/>\n<\/strong><em>Avec <a href=\"https:\/\/smartbe.be\/fr\/news\/intervenant-ag-2018\/virginie-tacq\/\">Virginie Tacq<\/a><\/em> (Ludilab)<\/p>\n<p>Explorez un processus ludique afin de cocr\u00e9er un projet artistique. Pas besoin de talent particulier, amenez vos m\u00e9ninges et votre bonne humeur !<\/p>\n<p><strong>11:30 &#8211; 12:30<\/strong><br \/>\n<strong>Formateurs Associ\u00e9s, un mod\u00e8le inspirant pour d&rsquo;autres fili\u00e8res (Workshop FR)<br \/>\n<\/strong><em>Avec <a href=\"https:\/\/smartbe.be\/fr\/news\/intervenant-ag-2018\/michel-kaisin\/\">Micha\u00ebl Kaisin<\/a><\/em>,\u00a0<em><a href=\"https:\/\/smartbe.be\/fr\/news\/intervenant-ag-2018\/florence-moureau\/\">Florence Moureau<\/a>,\u00a0<a href=\"https:\/\/smartbe.be\/fr\/news\/intervenant-ag-2018\/yann-bonnin\/\">Yann Bonnin<\/a> et <a href=\"https:\/\/smartbe.be\/fr\/news\/intervenant-ag-2018\/cynthia-weber\/\">Cynthia Weber<\/a> <\/em>(Soci\u00e9taires Smart)<\/p>\n<p>Brainstorming autour de la fili\u00e8re formateurs qui propose de collaborer et mutualiser des connaissances. \u00c9changes ouverts \u00e0 tous les secteurs, formateurs ou non. Une initiative inspirante pour votre propre fili\u00e8re?<\/p>\n<p><strong>11:45 &#8211; 12:30<\/strong><br \/>\n<strong>Coop Dating. Rencontres professionnelles et coop\u00e9ratives (Networking FR\/NL\/EN\/DE)<br \/>\n<\/strong>Avec <a href=\"https:\/\/smartbe.be\/fr\/news\/intervenant-ag-2018\/jorg-zimmermann\/\"><em>J\u00f6rg Zimmerman<\/em> <\/a>(Smart)<\/p>\n<p>Faites 15 rencontres professionnelles en un minimum de temps. Et si cela vous ouvrait des perspectives ?<\/p>\n<p><strong>13:30 &#8211; 15:00<\/strong><br \/>\n<strong>Freelances, fers de lance du travail ? (Table ronde FR)<br \/>\n<\/strong>Avec <a href=\"https:\/\/smartbe.be\/fr\/news\/intervenant-ag-2018\/frederic-naedenoen\/\"><em>Fr\u00e9d\u00e9ric Naedenoen<\/em><\/a> (I-wire), <a href=\"https:\/\/smartbe.be\/fr\/news\/intervenant-ag-2018\/marc-zune\/\"><em>Marc Zune<\/em><\/a> (campagne TamTam), <a href=\"https:\/\/smartbe.be\/fr\/news\/intervenant-ag-2018\/jean-claude-barbier\/\"><em>Jean-Claude Barbier<\/em><\/a> (Coop des Communs) et <a href=\"https:\/\/smartbe.be\/fr\/news\/intervenant-ag-2018\/julien-charles\/\"><em>Julien Charles<\/em><\/a> (CESEP).<br \/>\nMod\u00e9ratrice\u00a0: <a href=\"https:\/\/smartbe.be\/fr\/news\/intervenant-ag-2018\/anne-laure-desgris\/\"><em>Anne-Laure Desgris<\/em><\/a> (Oxalis)<\/p>\n<p>Les freelances sont les embl\u00e8mes des mutations du monde du travail, pour le meilleur et pour le pire. Smart, observatrice privil\u00e9gi\u00e9e des nouvelles formes d&#8217;emploi, collabore avec des centres de recherche et des mouvements pour mieux les comprendre. Venez d\u00e9couvrir ce qu&rsquo;il en ressort.<\/p>\n<p><strong>14:00 &#8211; 15:45<\/strong><br \/>\n<strong>Cre\u00eber mee het nieuwe digitale netwerk : Let\u2019s Connect! (Workshop NL)<br \/>\n<\/strong>Met\u00a0<em>Sarah Gommers, <a href=\"https:\/\/smartbe.be\/fr\/news\/intervenant-ag-2018\/margot-gommers\/\">Margot Gommers<\/a>, <a href=\"https:\/\/smartbe.be\/fr\/news\/intervenant-ag-2018\/nathan-gotlib\/\">Nathan Gotlib<\/a> en <a href=\"https:\/\/smartbe.be\/fr\/news\/intervenant-ag-2018\/rob-de-schutter\/\">Rob De Schutter<\/a><br \/>\n<\/em>Moderator :<em><a href=\"https:\/\/smartbe.be\/fr\/news\/intervenant-ag-2018\/nele-cassiers\/\"> Nele Cassiers<\/a> en <a href=\"https:\/\/smartbe.be\/fr\/news\/intervenant-ag-2018\/inke-decoster\/\">Inke Decoster<\/a>\u00a0<\/em>(Smart)<\/p>\n<p>Vier Smart vennoten stellen hun collaboratief platform\u00a0 voor. Geef je feedback op het vlak van content en IT.<\/p>\n<p><strong>14:00 &#8211; 15:00<\/strong><br \/>\n<strong>La coop\u00e9ration entre soci\u00e9taires europ\u00e9ens. Un exemple belgo-fran\u00e7ais (Workshop FR)<br \/>\n<\/strong>Avec <em>Anic\u00e9e Arambatzis<\/em>, <em>Lo\u00efc Lheureux<\/em>\u00a0et Gr\u00e9gory Lambot (Smart)<\/p>\n<p>Vous travaillez souvent avec des clients \u00e9trangers? Vous souhaitez \u00e9viter les tracas administratifs et l\u00e9gaux?<br \/>\nTVA, A1, visa, versements de cotisations, plus rien n&rsquo;aura de secret pour vous.<\/p>\n<p><strong>14:00 &#8211; 15:00<\/strong><br \/>\n<strong>Les chiffres Smart pour les nuls (Info Smart FR)<br \/>\n<\/strong>Avec <a href=\"https:\/\/smartbe.be\/fr\/news\/intervenant-ag-2018\/leo-caglar\/\"><em>Leo Caglar<\/em><\/a> (Smart)<\/p>\n<p>Pr\u00e9sentation du mod\u00e8le \u00e9conomique de Smart et des chiffres 2017, suivie d&rsquo;une s\u00e9ance de questions-r\u00e9ponses: financement, d\u00e9penses, situation financi\u00e8re actuelle.<\/p>\n<p><strong>14:00 &#8211; 15:30<\/strong><br \/>\n<strong>Pitch Caf\u00e9. Contribuez \u00e0 quatre projets de Li\u00e8ge, Namur, Mons et Charleroi s\u00e9lectionn\u00e9s par le Comptoir des Ressources Cr\u00e9atives (Networking FR)<br \/>\n<\/strong>Animation : <a href=\"https:\/\/smartbe.be\/fr\/news\/intervenant-ag-2018\/michael-lambert\/\"><em>Micha\u00ebl Lambert <\/em><\/a>(Comptoir des Ressources Cr\u00e9atives)<\/p>\n<p>Venez suivre les pr\u00e9sentations en 7 minutes de projets cr\u00e9atifs, suivies d&rsquo;\u00e9changes. Faites b\u00e9n\u00e9ficier ces projets de votre exp\u00e9rience, de vos comp\u00e9tences et de vos ressources.<\/p>\n<p><strong>14:00 &#8211; 15:30<\/strong><br \/>\n<strong>Creative Hubs: Creating resilient ecosystems to secure creative entrepreneurship (Round table discussion EN)<br \/>\n<\/strong>With<a href=\"https:\/\/smartbe.be\/fr\/news\/intervenant-ag-2018\/ronnie-garattoni\/\"><em> Ronnie Garattoni<\/em><\/a> (Warehouse Coworking Factory, Italy)<em>, <a href=\"https:\/\/smartbe.be\/fr\/news\/intervenant-ag-2018\/vassilis-charalambidis\/\">Vassilis Charalambis<\/a><\/em>\u00a0(Bios, Greece)<em>, <a href=\"https:\/\/smartbe.be\/fr\/news\/intervenant-ag-2018\/lieza-dessein\/\">Lieza Dessein<\/a> <\/em>(Brussels Art Factory\/Smart)<\/p>\n<p>As work is changing\u00a0 it\u00a0 is important to find adequate infrastructures to host these new forms of work and to make sure that individual entrepreneurship does not mean isolation or precariat. We will have a discussion with 3 managers of creative hubs, what they are working on, the challenges they face and how they structure their development.<\/p>\n<p><strong>15:00 &#8211; 15:45<\/strong><br \/>\n<strong>Coop Dating. Rencontres professionnelles et coop\u00e9ratives (Networking FR\/NL\/EN\/DE)<br \/>\n<\/strong><strong>Coop dating: professional meet &amp; greets &amp; cooperation.<br \/>\n<\/strong>Avec\/ with\u00a0<em><a href=\"https:\/\/smartbe.be\/fr\/news\/intervenant-ag-2018\/jorg-zimmermann\/\">J\u00f6rg Zimmerman<\/a> (Smart)<\/em><\/p>\n<p>Faites 15 rencontres professionnelles en un minimum de temps. Et si cela vous ouvrait des perspectives ?<\/p>\n<h3><a href=\"https:\/\/www.eventbrite.fr\/e\/lets-coop-2018-tickets-46140114324\"><strong>Inscrivez-vous\u00a0!\/<\/strong><\/a><a href=\"https:\/\/www.eventbrite.fr\/e\/lets-coop-2018-tickets-46140114324\">Please register here<\/a><\/h3>\n<h3><a href=\"https:\/\/smartbe.be\/wordpress\/..\/wp-content\/uploads\/2018\/05\/Programme_4p.pdf\">T\u00e9l\u00e9chargez le programme en pdf<\/a>\/<a href=\"https:\/\/smartbe.be\/wordpress\/..\/wp-content\/uploads\/2018\/05\/Programme_4p.pdf\">Download the program in pdf<\/a><\/h3>","protected":false},"excerpt":{"rendered":"<p>PROGRAMME\u00a0 du 19 juin (FR\/EN) Inscrivez-vous\u00a0!\/Please register here T\u00e9l\u00e9chargez le programme en pdf\/Download the program in pdf 9:15 &#8211; 9:30\u00a0\u00a0\u00a0\u00a0\u00a0\u00a0\u00a0\u00a0\u00a0\u00a0\u00a0\u00a0\u00a0\u00a0\u00a0\u00a0\u00a0\u00a0\u00a0\u00a0\u00a0\u00a0\u00a0\u00a0\u00a0\u00a0 Accueil par Sandrino Graceffa (Smart, administrateur d\u00e9l\u00e9gu\u00e9) Welcoming message by Sandrino Graceffa (CEO Smart) 9:30 &#8211; 10:00\u00a0\u00a0\u00a0\u00a0\u00a0\u00a0\u00a0\u00a0\u00a0\u00a0\u00a0\u00a0\u00a0\u00a0\u00a0\u00a0\u00a0\u00a0\u00a0\u00a0\u00a0\u00a0\u00a0\u00a0 Keynote Par\/by\u00a0\u00a0Isabelle Ferreras &hellip;<\/p>\n","protected":false},"author":56,"featured_media":0,"parent":0,"menu_order":0,"comment_status":"closed","ping_status":"closed","template":"","meta":{"footnotes":""},"tags":[],"class_list":["post-23029","page","type-page","status-publish","hentry"],"aioseo_notices":[],"_links":{"self":[{"href":"https:\/\/smartbe.be\/fr\/wp-json\/wp\/v2\/pages\/23029","targetHints":{"allow":["GET"]}}],"collection":[{"href":"https:\/\/smartbe.be\/fr\/wp-json\/wp\/v2\/pages"}],"about":[{"href":"https:\/\/smartbe.be\/fr\/wp-json\/wp\/v2\/types\/page"}],"author":[{"embeddable":true,"href":"https:\/\/smartbe.be\/fr\/wp-json\/wp\/v2\/users\/56"}],"replies":[{"embeddable":true,"href":"https:\/\/smartbe.be\/fr\/wp-json\/wp\/v2\/comments?post=23029"}],"version-history":[{"count":99,"href":"https:\/\/smartbe.be\/fr\/wp-json\/wp\/v2\/pages\/23029\/revisions"}],"predecessor-version":[{"id":23627,"href":"https:\/\/smartbe.be\/fr\/wp-json\/wp\/v2\/pages\/23029\/revisions\/23627"}],"wp:attachment":[{"href":"https:\/\/smartbe.be\/fr\/wp-json\/wp\/v2\/media?parent=23029"}],"wp:term":[{"taxonomy":"post_tag","embeddable":true,"href":"https:\/\/smartbe.be\/fr\/wp-json\/wp\/v2\/tags?post=23029"}],"curies":[{"name":"wp","href":"https:\/\/api.w.org\/{rel}","templated":true}]}}