
{"id":20056,"date":"2017-07-18T11:00:51","date_gmt":"2017-07-18T10:00:51","guid":{"rendered":"http:\/\/smartbe.be\/?page_id=20056\/"},"modified":"2025-01-27T17:22:30","modified_gmt":"2025-01-27T16:22:30","slug":"groupes-de-travail-participatifs-et-multi-societaires","status":"publish","type":"page","link":"https:\/\/smartbe.be\/fr\/la-cooperative-2\/smart-progress\/groupes-de-travail-participatifs-et-multi-societaires\/","title":{"rendered":"Groupes de travail 2017-2018 [cl\u00f4tur\u00e9]"},"content":{"rendered":"<p><\/strong><\/p>\n<h2>Historique<\/h2>\n<p>\u00c0 l&rsquo;issue\u00a0des <strong><a href=\"https:\/\/smartbe.be\/fr\/smart-progress\/les-workshops\/\">workshops<\/a><\/strong> mis en place au moment de la constitution de la coop\u00e9rative (2015-2016), une s\u00e9rie de <strong>recommandations<\/strong> ont \u00e9t\u00e9 \u00e9mises. Parmi celles-ci, le souhait des parties prenantes de voir \u00e9merger au sein de Smart :<\/p>\n<ul>\n<li>un comit\u00e9 \u00e9thique<\/li>\n<li>le r\u00f4le de repr\u00e9sentation\u00a0de\u00a0Smart \u00e9tendu aux utilisateurs et partenaires<\/li>\n<li>l&rsquo;acc\u00e8s aux informations financi\u00e8res et \u00e9conomiques en toute transparence<\/li>\n<li>des lieux de r\u00e9flexion sur les outils informatiques mis \u00e0 la disposition des utilisateurs<\/li>\n<\/ul>\n<p>La mise en place de 4 groupes de travail charg\u00e9s de mettre en place ces instances a \u00e9t\u00e9 vot\u00e9e lors de l&rsquo;<a href=\"https:\/\/smartbe.be\/fr\/assemblee-generale-ordinaire-2017\/\">Assembl\u00e9e g\u00e9n\u00e9rale<\/a>, le 20 juin 2017.<\/p>\n<h2>4 groupes de travail<\/h2>\n<p>Afin de d\u00e9finir les contours et les missions de ces chantiers, Smart a\u00a0invit\u00e9 ses soci\u00e9taires \u00e0 se r\u00e9unir et \u00e0 <strong>r\u00e9fl\u00e9chir \u00e0\u00a0un cadre\u00a0pr\u00e9cis<\/strong> pour la mise en place de ces\u00a0lieux de r\u00e9flexions, de consultation ou de repr\u00e9sentation\u00a0devant permettre \u00e0 Smart et \u00e0 ses soci\u00e9taires d&rsquo;\u00e9voluer en relation \u00e9troite et permanente.<\/p>\n<h3>Les enjeux et les missions<\/h3>\n<ul>\n<li>Le comit\u00e9 \u00e9thique<\/li>\n<li>La repr\u00e9sentation de Smart<\/li>\n<li>Les outils informatiques<\/li>\n<li>Les outils financiers et \u00e9conomiques<\/li>\n<\/ul>\n<h3>Le cadre de travail<\/h3>\n<p>Les groupes \u00e9taient \u00ab\u00a0multi-soci\u00e9taires \u00bb, c&rsquo;est-\u00e0-dire repr\u00e9sentatifs des diff\u00e9rents profils pr\u00e9sents dans la coop\u00e9rative :\u00a0utilisateurs, clients, partenaires, employ\u00e9s permanents.<\/p>\n<p>Chaque groupe \u00e9tait constitu\u00e9 de\u00a010-12 personnes\u00a0maximum et encadr\u00e9 par un animateur\u00a0ainsi qu&rsquo;un membre du Conseil d&rsquo;administration. L&rsquo;engagement des participants aux groupes de travail \u00e9tait volontaire et non-r\u00e9mun\u00e9r\u00e9. Chaque groupe a d\u00e9fini sa propre m\u00e9thodologie de travail ainsi que son organisation.<\/p>\n<p>Les groupes se sont r\u00e9unis une fois par mois entre septembre 2017 et mars 2018, ont rencontr\u00e9 des experts, visit\u00e9 des structures en lien avec leur th\u00e9matique et leurs questionnements.<\/p>\n<p>Les PV des r\u00e9unions sont disponibles sur demande.<\/p>\n<h2>Les recommandations<\/h2>\n<p>Le 22 mars 2018, trente-quatre recommandations ont \u00e9t\u00e9 remises au Conseil d\u2019Administration. Ce dernier analysera, compl\u00e9tera, amendera les propositions et pr\u00e9sentera le r\u00e9sultat des travaux lors de l\u2019Assembl\u00e9e g\u00e9n\u00e9rale de la coop\u00e9rative, le 19 juin prochain.<\/p>\n<ul>\n<li><a href=\"https:\/\/smartbe.be\/wp-content\/uploads\/2018\/03\/Recommandations-du-groupe-de-travail-charg%C3%A9-de-mettre-en-place-un-comit%C3%A9-%C3%A9thique-au-sein-de-Smart.pdf\">Recommandations du groupe de travail charg\u00e9 de mettre en place un comit\u00e9 \u00e9thique au sein de Smart<\/a><\/li>\n<\/ul>\n<ul>\n<li><a href=\"https:\/\/smartbe.be\/wp-content\/uploads\/2018\/03\/Recommandations-du-groupe-de-travail-charg%C3%A9-de-d%C3%A9finir-les-missions-et-l%E2%80%99organisation-de-la-repr%C3%A9sentation.pdf\">Recommandations du groupe de travail charg\u00e9 de d\u00e9finir les missions et l\u2019organisation de la repr\u00e9sentation de Smart<\/a><\/li>\n<\/ul>\n<ul>\n<li><a href=\"https:\/\/smartbe.be\/wp-content\/uploads\/2018\/03\/Recommandations-du-groupe-de-travail-charg%C3%A9-de-favoriser-la-transparence-%C3%A9conomique-financi%C3%A8re-de-Smart.pdf\">Recommandations du groupe de travail charg\u00e9 de favoriser la transparence \u00e9conomique &amp; financi\u00e8re de Smart<\/a><\/li>\n<li><a href=\"https:\/\/smartbe.be\/wp-content\/uploads\/2018\/03\/Recommandations-des-espaces-de-consultation-et-de-r%C3%A9flexion-sur-les-outils-informatiques.pdf\">Recommandations du groupe de travail charg\u00e9 de proposer des espaces de consultation et de r\u00e9flexion sur les outils informatiques de Smart<\/a><\/li>\n<\/ul>\n<p><strong>\u00c0\u00a0lire aussi :<\/strong>\u00a0<a href=\"https:\/\/www.smartbe.be\/fr\/ressources-et-contributions\/\">La documentation et les ressources des groupes de travail<\/a><\/p>\n<h2>T\u00e9moignages<\/h2>\n<div class=\"video-container\"><iframe loading=\"lazy\" title=\"SMart in Progress - Groupes de travail 2017-2018\" width=\"584\" height=\"329\" src=\"https:\/\/www.youtube.com\/embed\/videoseries?list=PL0ui8MceUYB8rba3nvcG0OZKL8OQDGGyy\" frameborder=\"0\" allow=\"accelerometer; autoplay; clipboard-write; encrypted-media; gyroscope; picture-in-picture; web-share\" referrerpolicy=\"strict-origin-when-cross-origin\" allowfullscreen><\/iframe><\/div>\n<p>&nbsp;<\/p>\n<p><strong>Des questions?<\/strong> <a href=\"mailto:&#x6c;&#x65;&#x74;&#x73;&#x63;&#x6f;&#x6f;&#x70;&#x40;&#x73;&#x6d;&#x61;&#x72;&#x74;&#x2e;&#x63;&#x6f;&#x6f;&#x70;\">&#x6c;&#x65;&#x74;&#x73;&#x63;&#x6f;&#x6f;&#x70;&#x40;<span class=\"oe_displaynone\">null<\/span>&#x73;&#x6d;&#x61;&#x72;&#x74;&#x2e;&#x63;&#x6f;&#x6f;&#x70;<\/a><\/p>\n<p>&nbsp;<\/p>\n<h2><\/h2>","protected":false},"excerpt":{"rendered":"<p>Historique \u00c0 l&rsquo;issue\u00a0des workshops mis en place au moment de la constitution de la coop\u00e9rative (2015-2016), une s\u00e9rie de recommandations ont \u00e9t\u00e9 \u00e9mises. Parmi celles-ci, le souhait des parties prenantes de voir \u00e9merger au sein de Smart : un comit\u00e9 &hellip;<\/p>\n","protected":false},"author":7,"featured_media":0,"parent":11514,"menu_order":0,"comment_status":"closed","ping_status":"closed","template":"","meta":{"footnotes":""},"tags":[],"class_list":["post-20056","page","type-page","status-publish","hentry"],"aioseo_notices":[],"_links":{"self":[{"href":"https:\/\/smartbe.be\/fr\/wp-json\/wp\/v2\/pages\/20056","targetHints":{"allow":["GET"]}}],"collection":[{"href":"https:\/\/smartbe.be\/fr\/wp-json\/wp\/v2\/pages"}],"about":[{"href":"https:\/\/smartbe.be\/fr\/wp-json\/wp\/v2\/types\/page"}],"author":[{"embeddable":true,"href":"https:\/\/smartbe.be\/fr\/wp-json\/wp\/v2\/users\/7"}],"replies":[{"embeddable":true,"href":"https:\/\/smartbe.be\/fr\/wp-json\/wp\/v2\/comments?post=20056"}],"version-history":[{"count":59,"href":"https:\/\/smartbe.be\/fr\/wp-json\/wp\/v2\/pages\/20056\/revisions"}],"predecessor-version":[{"id":47958,"href":"https:\/\/smartbe.be\/fr\/wp-json\/wp\/v2\/pages\/20056\/revisions\/47958"}],"up":[{"embeddable":true,"href":"https:\/\/smartbe.be\/fr\/wp-json\/wp\/v2\/pages\/11514"}],"wp:attachment":[{"href":"https:\/\/smartbe.be\/fr\/wp-json\/wp\/v2\/media?parent=20056"}],"wp:term":[{"taxonomy":"post_tag","embeddable":true,"href":"https:\/\/smartbe.be\/fr\/wp-json\/wp\/v2\/tags?post=20056"}],"curies":[{"name":"wp","href":"https:\/\/api.w.org\/{rel}","templated":true}]}}