
{"id":19451,"date":"2017-05-29T13:51:43","date_gmt":"2017-05-29T12:51:43","guid":{"rendered":"http:\/\/smartbe.be\/?page_id=19451\/"},"modified":"2017-06-16T18:14:17","modified_gmt":"2017-06-16T17:14:17","slug":"le-programme-de-la-journee","status":"publish","type":"page","link":"https:\/\/smartbe.be\/fr\/le-programme-de-la-journee\/","title":{"rendered":"Le programme de la journ\u00e9e \/ Het programma in detail"},"content":{"rendered":"<p><\/em><\/p>\n<p>Chaque workshop (W) , tables-rondes (TR) ou info sur la coop\u00e9rative Smart (I) est annonc\u00e9 dans la langue pratiqu\u00e9e. Les tables-rondes (<strong>TR*<\/strong>) sont propos\u00e9es avec traduction FR\/NL.<br \/>\n<em>Elke workshop (W) of rondetafel (TR) of info over de Smart-co\u00f6peratie wordt aangekondigd in de taal waarin het plaatsvindt. Voor\u00a0de<\/em><em> rondetafels<\/em> (<em><strong>TR*<\/strong>) is er telkens simultaanvertaling in het Frans en Nederlands voorzien<\/em>.<\/p>\n<p><a href=\"https:\/\/smartbe.be\/wordpress\/..\/wp-content\/uploads\/2017\/06\/mep_planactivite_final.pdf\"><strong>D\u00e9couvrez notre programme d\u00e9taill\u00e9 !\u00a0<em>Raadpleeg het gedetailleerde programma!<\/em><\/strong><\/a><\/p>\n<p>9:00-10:00<br \/>\n<strong>Accueil &amp; Petit-d\u00e9jeuner \/ Onthaal &amp; Ontbijt<\/strong><\/p>\n<p>10:00-10:30<br \/>\n<strong>Pr\u00e9sentation de l&rsquo;\u00e9tude \u00ab\u00a0Enqu\u00eate exp\u00e9rimentale et coop\u00e9rative sur les pratiques du travail et de l&rsquo;entreprise chez Smart\u00a0\u00bb <\/strong>(I)<br \/>\navec<a href=\"https:\/\/smartbe.be\/fr\/news\/intervenant-ca-2017\/julien-charles\/\"> <em>Julien Charles<\/em> <\/a>(CESEP), <em>Auriane Lamine<\/em> (CESEP &amp; UCL),\u00a0<a href=\"https:\/\/smartbe.be\/fr\/news\/intervenant-ag-2017\/isabelle-ferreras\/\"><em>Isabelle Ferreras<\/em><\/a> (UCL),\u00a0<em>Lionel Casterman<\/em> (CESEP)<\/p>\n<p>10:00-11:00<br \/>\n<strong>Les chiffres Smart pour les nuls\u00a0<\/strong>(I)<br \/>\n<strong><br \/>\n<\/strong>10:00-11:30<br \/>\n<strong>Futur du travail : c&rsquo;est vous, c&rsquo;est nous, mais c&rsquo;est quoi? <\/strong>(<strong>TR*<\/strong>)<strong><br \/>\n<\/strong>avec <a href=\"https:\/\/smartbe.be\/fr\/news\/intervenant-ag-2017\/isabelle-ferreras\/\"><em>Isabelle Ferreras<\/em><\/a> (UCL),\u00a0<a href=\"https:\/\/smartbe.be\/fr\/news\/intervenant-ag-2017\/isabelle-daugareilh\/\"><em>Isabelle Daugareilh<\/em><\/a> (Universit\u00e9 de Bordeaux), <em><a href=\"https:\/\/smartbe.be\/fr\/news\/intervenant-ag-2017\/19529\/\">Philippe Defeyt<\/a>\u00a0(<\/em>Institut pour un D\u00e9veloppement Durable),\u00a0<a href=\"https:\/\/smartbe.be\/fr\/news\/intervenant-ca-2017\/frederic-naedenoen\/\"><em>Fr\u00e9d\u00e9ric Naedenoen<\/em>\u00a0<\/a>(Lentic), <a href=\"https:\/\/smartbe.be\/fr\/news\/intervenant-ca-2017\/bruno-roelants\/\"><em>Bruno Roelants<\/em><\/a> (CECOP)<\/p>\n<p>10:30-12:00<br \/>\n<strong>Etre soci\u00e9taire de Smart, comment s&rsquo;impliquer?\u00a0<\/strong>(W)<br \/>\navec <em>St\u00e9phanie Ladri\u00e8re<\/em> (Le BLIC)<\/p>\n<p>10:00-12:00<br \/>\n<strong>Netwerk Lab: een co\u00f6peratieve broedplaats voor nieuwe projecten en idee\u00ebn\u00a0<\/strong>(W)<br \/>\nmet <em>Hendrikje Meyvis<\/em> (Idrops)<\/p>\n<p>11:00-12:30<br \/>\n<strong>Nos outils informatiques en questions? <\/strong>\u00a0(W)<br \/>\navec <a href=\"https:\/\/smartbe.be\/fr\/news\/intervenant-ag-2017\/stefano-vicenzi\/\"><em>Stefano Vicenzi<\/em><\/a> (Smart)<\/p>\n<p>11h-12h30<br \/>\n<strong>BRUSSELS CREATIVE, une plateforme bilingue\u00a0des ICC<\/strong>\u00a0(TR)<br \/>\nmet\/avec<a href=\"https:\/\/smartbe.be\/fr\/news\/intervenant-ca-2017\/intervenant-1\/\"> <em>Alain Heureux<\/em> <\/a>(Brussels Creative)<\/p>\n<p>11:00-12:30<br \/>\n<em><strong>Facebook c&rsquo;est bien&#8230; se voir en vrai, c&rsquo;est mieux!\u00a0<\/strong><\/em>\u00a0(W)<br \/>\navec <a href=\"https:\/\/smartbe.be\/fr\/news\/intervenant-ag-2017\/pauline-duclaud-lacoste\/\"><em>Pauline Duclaud Lacoste<\/em><\/a> (Culture Meet-up)<\/p>\n<p>11:30 -12:30<br \/>\n<em><strong>Se regrouper pour \u00eatre plus fort: collectifs m\u00e9tiers &amp; structuration de fili\u00e8res \u00e9conomiques<\/strong><\/em>\u00a0(W)<br \/>\navec <a href=\"https:\/\/smartbe.be\/fr\/news\/intervenant-ag-2017\/arnaud-blanpain\/\"><em>Arnaud Blanpain<\/em><\/a>\u00a0(General Score)<\/p>\n<p>11:30-12:30<br \/>\n<strong><em>Villes, communs et culture : un renouveau <\/em><\/strong>(TR)<br \/>\navec <a href=\"https:\/\/smartbe.be\/fr\/news\/intervenant-ag-2017\/michel-bauwens\/\"><em>Michel Bauwens<\/em><\/a> (P2P), <a href=\"https:\/\/smartbe.be\/fr\/news\/intervenant-ca-2017\/nicole-alix\/\"><em>Nicole Alix<\/em><\/a> (Coop des communs), <a href=\"https:\/\/smartbe.be\/fr\/news\/intervenant-ca-2017\/rudolf-godesar\/\"><em>Rudolf Godesar<\/em><\/a> (ARFE)<\/p>\n<p>12:00-12:30<br \/>\n<strong>De Smart-cijfers voor dummies\u00a0<\/strong>\u00a0(I)<br \/>\nmet <a href=\"https:\/\/smartbe.be\/fr\/news\/intervenant-ca-2017\/thomas-blondeel\/\"><em>Thomas Blondeel <\/em><\/a>(Smart)<\/p>\n<p>11:45-13:15<br \/>\n<strong>Les midis POUR LA SOLIDARITE : Vers un socle europ\u00e9en de droits sociaux?\u00a0<\/strong>\u00a0(<strong>TR<\/strong>)<br \/>\navec <a href=\"https:\/\/smartbe.be\/nl\/news\/intervenant-ca-2017\/thiebaut-weber\/\"><em>Thi\u00e9baut Weber<\/em><\/a> (CES &#8211; ETUC), <a href=\"https:\/\/smartbe.be\/nl\/news\/intervenant-ag-2017\/charhon-pascale\/\"><em>Pascale Charhon<\/em><\/a>, <em>Ann Branch<\/em> (DG Emploi &#8211; Commision EU), <a href=\"https:\/\/smartbe.be\/fr\/news\/intervenant-ag-2017\/sandrino-graceffa\/\"><em>Sandrino Graceffa<\/em><\/a> (Smart), <a href=\"https:\/\/smartbe.be\/fr\/news\/intervenant-ca-2017\/denis-stokkink\/\"><em>Denis Stokkink<\/em><\/a> (Pour La Solidarit\u00e9)<\/p>\n<p>13:30 -14:30<br \/>\n<strong>Les chiffres Smart pour les nuls <\/strong>(I)<\/p>\n<p>13:30-15:00<br \/>\n<strong>Etre soci\u00e9taire de Smart, comment s&rsquo;impliquer?\u00a0<\/strong>(W)<br \/>\navec <em>St\u00e9phanie Ladri\u00e8re<\/em> (Le BLIC)<\/p>\n<p>13:30-15:00<br \/>\n<strong>Futur du travail : compromis \u00e0 la belge ou nouveau mod\u00e8le social? A suivre&#8230;\u00a0<\/strong>(<strong>TR*<\/strong>)<br \/>\n<strong>Het werk van de toekomst: een Belgisch compromis of een nieuw sociaal model?\u00a0<\/strong><br \/>\navec\/met <a href=\"https:\/\/smartbe.be\/fr\/news\/intervenant-ag-2017\/jasper-dhoore\/\">Jasper D&rsquo;Hoore<\/a> (De Tijd),\u00a0<a href=\"https:\/\/smartbe.be\/fr\/news\/intervenant-ca-2017\/matthieu-dewevre\/\"><em>Mathieu Dew\u00e8vre<\/em><\/a> (UCM), <a href=\"https:\/\/smartbe.be\/fr\/news\/intervenant-ca-2017\/frank-van-massenhove\/\"><em>Frank Van Massenhove<\/em> <\/a>(FOD Sociale Zekerheid \/ SPF S\u00e9curit\u00e9 Sociale), <em><a href=\"https:\/\/smartbe.be\/fr\/news\/intervenant-ca-2017\/pascale-vielle\/\">Pascale Vielle<\/a>\u00a0(UCL)<\/em>, <em>Felipe Van Keirsbilck<\/em> (ACV-CSC),\u00a0<a href=\"https:\/\/smartbe.be\/fr\/news\/intervenant-ag-2017\/sandrino-graceffa\/\"><em>Sandrino Graceffa<\/em><\/a> (Smart)<\/p>\n<p>13:30-15:00<br \/>\n<strong>Platform Cooperativism\u00a0<\/strong>(TR)<br \/>\nwith <em>Joachim Jacob<\/em> (Partago), <a href=\"https:\/\/smartbe.be\/fr\/news\/intervenant-ca-2017\/intervenant-2\/\"><em>Susan Basterfield<\/em><\/a> (Loomio), <a href=\"https:\/\/smartbe.be\/fr\/news\/intervenant-ca-2017\/kate-beecroft\/\"><em>Kate Beecroft<\/em><\/a> (Enspiral), <em>Sarah Ledant<\/em> (Smart), <em>Lieza Dessein<\/em> (Smart)<\/p>\n<p>14:00-15:00<br \/>\n<strong>Tax Shelter et arts de la sc\u00e8ne: c\u2019est pas du cin\u00e9ma !\u00a0<\/strong>(TR)<\/p>\n<p>14:00-15:00<br \/>\n<strong>Participer au projet coop\u00e9ratif, c&rsquo;est possible en dehors du C.A. et de l&rsquo;A.G.!\u00a0<\/strong>(W)<br \/>\navec <a href=\"https:\/\/smartbe.be\/fr\/news\/intervenant-ag-2017\/gerard-fourre\/\"><em>G\u00e9rard Fourr\u00e9<\/em><\/a> (Comptoir des Ressources Cr\u00e9atives)<\/p>\n<p>14:00-15:00<br \/>\n<strong>S<\/strong><strong>e regrouper pour \u00eatre plus fort: collectifs m\u00e9tiers &amp; structuration de fili\u00e8res \u00e9conomiques\u00a0<\/strong>(W)<br \/>\navec <a href=\"https:\/\/smartbe.be\/fr\/news\/intervenant-ag-2017\/pauline-coustols\/\"><em>Pauline Coustols <\/em><\/a>(Smart\/Grands Ensemble)<\/p>\n<p>15:30-17:30<br \/>\n<strong>Assembl\u00e9e g\u00e9n\u00e9rale \/ Algemene vergadering<\/strong><\/p>\n<p>17:30<br \/>\n<b>Drink &amp; surprises!<\/b><\/p>\n<p>&#8212;<\/p>\n<p><strong>Et en permanence<\/strong> : des animations festives, un bureau de vote, des sondages pour donner votre avis, un bookshop, yoga, des at\u00e9liers v\u00e9lo, un kinoscope, \u00e0 boire et \u00e0 manger, etc.<\/p>\n<p><em><strong>En doorlopend:<\/strong> animaties, je stem uitbrengen in het stembureau, nieuwe boeken ontdekken in de bookshop, fietsateliers, yoga, je mening geven, naar de bioscoop, etc.<\/em><\/p>\n<h3><strong>Atelier v\u00e9lo\u00a0<\/strong><\/h3>\n<p>11:00 \u2013 15:00<br \/>\n<strong>V\u00e9rifiez votre v\u00e9lo &amp; conseils bricolage + atelier de r\u00e9paration<\/strong> \/ Check your bike \u2013 DIY tips + fietsherstelatelier\u00a0\u00a0\u00a0\u00a0\u00a0\u00a0 par\/door SOS VELO (non-stop) *<\/p>\n<p>12:00 \u2013 12:30<br \/>\nAtelier \u00abla conduite d\u00e9fensive et anticipative \u00e0 v\u00e9lo\/ <strong>workshop \u00abdefensief rijden + tips &amp; tricks om veilig door het drukke stadsverkeer te navigeren<\/strong>\u00bb<br \/>\npar\/door HUSH RUSH<\/p>\n<p>14:00 &#8211; 14:30<br \/>\nAtelier \u00abla conduite d\u00e9fensive et anticipative \u00e0 v\u00e9lo\/ <strong>workshop \u00abdefensief rijden + tips &amp; tricks om veilig door het drukke stadsverkeer te navigeren<\/strong>\u00bb<br \/>\npar\/door HUSH RUSH<\/p>\n<h3>Sessions de YOGA<\/h3>\n<p>8:30 &#8211; 9:30<br \/>\nCours de HATHA yoga<\/p>\n<p>15:00 &#8211; 15:30<br \/>\nSession de m\u00e9ditation &amp; pranayama<\/p>\n<p>&nbsp;<\/p>\n<h2><strong><a href=\"https:\/\/www.eventbrite.fr\/e\/billets-lets-coop-2017-34620961227\">Inscrivez-vous ici!<\/a><\/strong><\/h2>\n<h2><a href=\"https:\/\/www.eventbrite.fr\/e\/billets-lets-coop-2017-34620961227\"><strong>Schrijf je hier in voor de\u00a0workshops, debatten en rondetafels<\/strong><\/a><\/h2>\n<p>&nbsp;<\/p>","protected":false},"excerpt":{"rendered":"<p>Chaque workshop (W) , tables-rondes (TR) ou info sur la coop\u00e9rative Smart (I) est annonc\u00e9 dans la langue pratiqu\u00e9e. Les tables-rondes (TR*) sont propos\u00e9es avec traduction FR\/NL. Elke workshop (W) of rondetafel (TR) of info over de Smart-co\u00f6peratie wordt aangekondigd &hellip;<\/p>\n","protected":false},"author":7,"featured_media":0,"parent":0,"menu_order":0,"comment_status":"closed","ping_status":"closed","template":"","meta":{"footnotes":""},"tags":[],"class_list":["post-19451","page","type-page","status-publish","hentry"],"aioseo_notices":[],"_links":{"self":[{"href":"https:\/\/smartbe.be\/fr\/wp-json\/wp\/v2\/pages\/19451","targetHints":{"allow":["GET"]}}],"collection":[{"href":"https:\/\/smartbe.be\/fr\/wp-json\/wp\/v2\/pages"}],"about":[{"href":"https:\/\/smartbe.be\/fr\/wp-json\/wp\/v2\/types\/page"}],"author":[{"embeddable":true,"href":"https:\/\/smartbe.be\/fr\/wp-json\/wp\/v2\/users\/7"}],"replies":[{"embeddable":true,"href":"https:\/\/smartbe.be\/fr\/wp-json\/wp\/v2\/comments?post=19451"}],"version-history":[{"count":83,"href":"https:\/\/smartbe.be\/fr\/wp-json\/wp\/v2\/pages\/19451\/revisions"}],"predecessor-version":[{"id":19921,"href":"https:\/\/smartbe.be\/fr\/wp-json\/wp\/v2\/pages\/19451\/revisions\/19921"}],"wp:attachment":[{"href":"https:\/\/smartbe.be\/fr\/wp-json\/wp\/v2\/media?parent=19451"}],"wp:term":[{"taxonomy":"post_tag","embeddable":true,"href":"https:\/\/smartbe.be\/fr\/wp-json\/wp\/v2\/tags?post=19451"}],"curies":[{"name":"wp","href":"https:\/\/api.w.org\/{rel}","templated":true}]}}